{"id":258909,"date":"2022-04-14T16:17:07","date_gmt":"2022-04-14T14:17:07","guid":{"rendered":"https:\/\/www.marinefloor.fr\/nos-partenaires\/"},"modified":"2024-01-26T12:18:25","modified_gmt":"2024-01-26T11:18:25","slug":"nuestros-companeros","status":"publish","type":"page","link":"https:\/\/www.marinefloor.fr\/es\/nuestros-companeros\/","title":{"rendered":"Nuestros compa\u00f1eros"},"content":{"rendered":"<p>[et_pb_section fb_built=\u00bb1&#8243; fullwidth=\u00bbon\u00bb _builder_version=\u00bb4.16&#8243; _module_preset=\u00bbdefault\u00bb custom_margin=\u00bb0px||||false|false\u00bb global_colors_info=\u00bb{}\u00bb][et_pb_fullwidth_header title=\u00bb<span style=%22color: #189fd8;%22>N<\/span>uestros compa\u00f1eros\u00bb header_fullscreen=\u00bbon\u00bb header_scroll_down=\u00bbon\u00bb scroll_down_icon=\u00bb%%1%%\u00bb scroll_down_icon_color=\u00bb#FFFFFF\u00bb background_overlay_color=\u00bbrgba(0,0,0,0.15)\u00bb _builder_version=\u00bb4.23.4&#8243; _module_preset=\u00bbdefault\u00bb title_text_align=\u00bbcenter\u00bb title_font_size=\u00bb60px\u00bb background_image=\u00bbhttps:\/\/www.marinefloor.fr\/wp-content\/uploads\/fond-partenaires.jpg\u00bb parallax=\u00bbon\u00bb title_font_size_tablet=\u00bb40px\u00bb title_font_size_phone=\u00bb32px\u00bb title_font_size_last_edited=\u00bbon|desktop\u00bb title_text_shadow_style=\u00bbpreset5&#8243; title_text_shadow_horizontal_length=\u00bb0.03em\u00bb title_text_shadow_vertical_length=\u00bb0.03em\u00bb global_colors_info=\u00bb{}\u00bb][\/et_pb_fullwidth_header][\/et_pb_section][et_pb_section fb_built=\u00bb1&#8243; _builder_version=\u00bb4.17.0&#8243; _module_preset=\u00bbdefault\u00bb background_enable_color=\u00bboff\u00bb background_color_gradient_direction=\u00bb360deg\u00bb background_color_gradient_start=\u00bbrgba(50,53,58,0.7)\u00bb background_color_gradient_end=\u00bbrgba(50,53,58,0.2)\u00bb z_index=\u00bb99999&#8243; overflow-x=\u00bbvisible\u00bb overflow-y=\u00bbvisible\u00bb animation_style=\u00bbfade\u00bb animation_duration=\u00bb2500ms\u00bb box_shadow_style=\u00bbpreset3&#8243; global_colors_info=\u00bb{}\u00bb][et_pb_row make_equal=\u00bbon\u00bb _builder_version=\u00bb4.16&#8243; _module_preset=\u00bbdefault\u00bb max_width=\u00bb1280px\u00bb locked=\u00bboff\u00bb global_colors_info=\u00bb{}\u00bb][et_pb_column type=\u00bb4_4&#8243; _builder_version=\u00bb4.16&#8243; _module_preset=\u00bbdefault\u00bb global_colors_info=\u00bb{}\u00bb][et_pb_text _builder_version=\u00bb4.23.4&#8243; _module_preset=\u00bbdefault\u00bb text_text_color=\u00bb#666666&#8243; text_font_size=\u00bb16px\u00bb header_6_font_size=\u00bb20px\u00bb text_orientation=\u00bbjustified\u00bb animation_style=\u00bbfade\u00bb animation_delay=\u00bb100ms\u00bb global_colors_info=\u00bb{}\u00bb]<\/p>\n<p>\u00a1En <strong>MarineFloor<\/strong>, los <strong>socios<\/strong> son como una <strong>gran familia<\/strong>! <br \/>Se construy\u00f3 con el tiempo, los encuentros, las casualidades de la vida&#8230; <strong>Es el resultado de la comprensi\u00f3n, la simpat\u00eda, el respeto mutuo<\/strong>. Une a todos sus miembros, \u00a1y siempre disfrutan vi\u00e9ndose!<\/p>\n<p><strong>Una energ\u00eda vital para la influencia de nuestras soluciones,<\/strong> tambi\u00e9n damos gran importancia a las <strong>habilidades profesionales y t\u00e9cnicas<\/strong> cuando nos rodeamos de un nuevo socio. <strong>Es necesario que est\u00e9 familiarizado con el entorno portuario, mar\u00edtimo y\/o fluvial<\/strong>, poder <strong>actuar en solitario en los proyectos a realizar<\/strong>, <strong>disponer de un stock de cubos para optimizar la log\u00edstica,<\/strong> etc.<\/p>\n<p>La <strong>formaci\u00f3n<\/strong> que impartimos nos permite <strong>crear un marco serio en torno a la instalaci\u00f3n de nuestras soluciones, su uso, fondeo, amarre, equipamiento, ajuste, su transporte&#8230;<\/strong> para que <strong>una realizaci\u00f3n de Marinefloor sea siempre de calidad y sin sorpresas<\/strong>.<br \/>En contacto constante, tambi\u00e9n discutimos muchos detalles sobre el terreno que nos ayudan a mejorar siempre. Para las necesidades de notas de c\u00e1lculo, estructuras complejas, expedientes t\u00e9cnicos, <strong>siempre estamos apoy\u00e1ndolos<\/strong>.<\/p>\n<p><strong>Sin ellos, no podr\u00edamos ser tan receptivos y precisos en cuanto a la extensi\u00f3n de los territorios donde se utilizan nuestros productos<\/strong>, y tendr\u00edamos que recurrir a transportes innecesarios. <br \/>Y sobre todo, <strong>gracias a ellos, cada d\u00eda ampliamos un poco m\u00e1s nuestra presencia, nuestros servicios, nuestras capacidades y nuestro buen humor <\/strong>(porque s\u00ed, \u00a1todos estos equipos en los cuatro rincones del mundo son realmente una familia!).<\/p>\n<h3>\u00a1Gracias queridos socios por estar a nuestro lado durante todos estos a\u00f1os!<\/h3>\n<p>Desc\u00fabrelos individualmente haciendo clic en los enlaces siguientes.<\/p>\n<p>[\/et_pb_text][\/et_pb_column][\/et_pb_row][\/et_pb_section][et_pb_section fb_built=\u00bb1&#8243; _builder_version=\u00bb4.17.0&#8243; _module_preset=\u00bbdefault\u00bb z_index=\u00bb9999&#8243; overflow-x=\u00bbvisible\u00bb overflow-y=\u00bbvisible\u00bb box_shadow_style=\u00bbpreset3&#8243; global_colors_info=\u00bb{}\u00bb][et_pb_row use_custom_gutter=\u00bbon\u00bb _builder_version=\u00bb4.16&#8243; _module_preset=\u00bbdefault\u00bb max_width=\u00bb1480px\u00bb locked=\u00bboff\u00bb global_colors_info=\u00bb{}\u00bb][et_pb_column type=\u00bb4_4&#8243; _builder_version=\u00bb4.16&#8243; _module_preset=\u00bbdefault\u00bb global_colors_info=\u00bb{}\u00bb][et_pb_text admin_label=\u00bbR\u00e9gions Fran\u00e7aises\u00bb _builder_version=\u00bb4.23.4&#8243; _module_preset=\u00bbdefault\u00bb header_2_text_color=\u00bb#32353A\u00bb header_2_font_size=\u00bb36px\u00bb header_3_font_size=\u00bb30px\u00bb text_orientation=\u00bbjustified\u00bb animation_style=\u00bbslide\u00bb animation_direction=\u00bbtop\u00bb header_2_font_size_tablet=\u00bb32px\u00bb header_2_font_size_phone=\u00bb28px\u00bb header_2_font_size_last_edited=\u00bbon|phone\u00bb header_3_font_size_tablet=\u00bb30px\u00bb header_3_font_size_phone=\u00bb24px\u00bb header_3_font_size_last_edited=\u00bbon|desktop\u00bb global_colors_info=\u00bb{}\u00bb]<\/p>\n<h3><span style=\"color: #189fd8;\">R<\/span>egiones francesas<\/h3>\n<p>[\/et_pb_text][et_pb_divider divider_position=\u00bbcenter\u00bb divider_weight=\u00bb2px\u00bb divider_weight_tablet=\u00bb2px\u00bb divider_weight_phone=\u00bb2px\u00bb divider_weight_last_edited=\u00bbon|desktop\u00bb _builder_version=\u00bb4.17.3&#8243; _module_preset=\u00bbdefault\u00bb width=\u00bb670px\u00bb width_tablet=\u00bbauto\u00bb width_phone=\u00bbauto\u00bb width_last_edited=\u00bbon|desktop\u00bb module_alignment=\u00bbleft\u00bb custom_padding=\u00bb||10px||false|false\u00bb animation_style=\u00bbfade\u00bb module_alignment_tablet=\u00bbcenter\u00bb module_alignment_phone=\u00bbcenter\u00bb module_alignment_last_edited=\u00bboff|desktop\u00bb locked=\u00bboff\u00bb global_colors_info=\u00bb{}\u00bb][\/et_pb_divider][\/et_pb_column][\/et_pb_row][et_pb_row column_structure=\u00bb1_3,1_3,1_3&#8243; use_custom_gutter=\u00bbon\u00bb _builder_version=\u00bb4.16&#8243; _module_preset=\u00bbdefault\u00bb max_width=\u00bb1480px\u00bb locked=\u00bboff\u00bb global_colors_info=\u00bb{}\u00bb][et_pb_column type=\u00bb1_3&#8243; _builder_version=\u00bb4.16&#8243; _module_preset=\u00bbdefault\u00bb global_colors_info=\u00bb{}\u00bb][et_pb_image src=\u00bbhttps:\/\/www.marinefloor.fr\/wp-content\/uploads\/logo-evt.jpg\u00bb alt=\u00bbEVT &#8211; Partenaire en Bretagne, France\u00bb title_text=\u00bbEVT &#8211; Partenaire en Bretagne, France\u00bb align=\u00bbcenter\u00bb _builder_version=\u00bb4.17.0&#8243; _module_preset=\u00bbdefault\u00bb animation_style=\u00bbflip\u00bb box_shadow_style=\u00bbpreset1&#8243; global_colors_info=\u00bb{}\u00bb][\/et_pb_image][et_pb_text _builder_version=\u00bb4.23.4&#8243; _module_preset=\u00bbdefault\u00bb text_text_color=\u00bb#666666&#8243; text_font_size=\u00bb16px\u00bb text_orientation=\u00bbcenter\u00bb animation_style=\u00bbfade\u00bb animation_delay=\u00bb100ms\u00bb locked=\u00bboff\u00bb global_colors_info=\u00bb{}\u00bb]Socio en Breta\u00f1a, Francia.<\/p>\n<p><img loading=\"lazy\" decoding=\"async\" class=\"wp-image-249503 aligncenter size-full\" src=\"https:\/\/www.marinefloor.fr\/wp-content\/uploads\/drapeau-fr.jpg\" alt=\"Partenaires MarineFloor France\" width=\"80\" height=\"54\" \/>[\/et_pb_text][et_pb_button button_url=\u00bb@ET-DC@eyJkeW5hbWljIjp0cnVlLCJjb250ZW50IjoicG9zdF9saW5rX3VybF9wYWdlIiwic2V0dGluZ3MiOnsicG9zdF9pZCI6IjI0OTUwNSJ9fQ==@\u00bb button_text=\u00bbVer detalles\u00bb button_alignment=\u00bbcenter\u00bb admin_label=\u00bbVoir la fiche\u00bb _builder_version=\u00bb4.23.4&#8243; _dynamic_attributes=\u00bbbutton_url\u00bb _module_preset=\u00bbdefault\u00bb custom_button=\u00bbon\u00bb button_use_icon=\u00bboff\u00bb animation_style=\u00bbslide\u00bb animation_direction=\u00bbtop\u00bb animation_duration=\u00bb1500ms\u00bb animation_delay=\u00bb50ms\u00bb locked=\u00bboff\u00bb global_colors_info=\u00bb{}\u00bb][\/et_pb_button][\/et_pb_column][et_pb_column type=\u00bb1_3&#8243; _builder_version=\u00bb4.16&#8243; _module_preset=\u00bbdefault\u00bb global_colors_info=\u00bb{}\u00bb][et_pb_image src=\u00bbhttps:\/\/www.marinefloor.fr\/wp-content\/uploads\/logo-boaz-concept-1.png\u00bb alt=\u00bbBoaz Concept &#8211; Partenaire dans le Nord, France\u00bb title_text=\u00bblogo-boaz-concept\u00bb align=\u00bbcenter\u00bb _builder_version=\u00bb4.23.1&#8243; _module_preset=\u00bbdefault\u00bb animation_style=\u00bbflip\u00bb animation_delay=\u00bb200ms\u00bb box_shadow_style=\u00bbpreset1&#8243; global_colors_info=\u00bb{}\u00bb][\/et_pb_image][et_pb_text _builder_version=\u00bb4.23.4&#8243; _module_preset=\u00bbdefault\u00bb text_text_color=\u00bb#666666&#8243; text_font_size=\u00bb16px\u00bb text_orientation=\u00bbcenter\u00bb animation_style=\u00bbfade\u00bb animation_delay=\u00bb100ms\u00bb locked=\u00bboff\u00bb global_colors_info=\u00bb{}\u00bb]<\/p>\n<p>Socio en Nord, Francia.<\/p>\n<p><img loading=\"lazy\" decoding=\"async\" class=\"wp-image-249503 aligncenter size-full\" src=\"https:\/\/www.marinefloor.fr\/wp-content\/uploads\/drapeau-fr.jpg\" alt=\"Partenaires MarineFloor France\" width=\"80\" height=\"54\" \/>[\/et_pb_text][et_pb_button button_url=\u00bb@ET-DC@eyJkeW5hbWljIjp0cnVlLCJjb250ZW50IjoicG9zdF9saW5rX3VybF9wYWdlIiwic2V0dGluZ3MiOnsicG9zdF9pZCI6IjI0OTUwOCJ9fQ==@\u00bb button_text=\u00bbVer detalles\u00bb button_alignment=\u00bbcenter\u00bb admin_label=\u00bbVoir la fiche\u00bb _builder_version=\u00bb4.23.4&#8243; _dynamic_attributes=\u00bbbutton_url\u00bb _module_preset=\u00bbdefault\u00bb custom_button=\u00bbon\u00bb button_use_icon=\u00bboff\u00bb animation_style=\u00bbslide\u00bb animation_direction=\u00bbtop\u00bb animation_duration=\u00bb1500ms\u00bb animation_delay=\u00bb50ms\u00bb locked=\u00bboff\u00bb global_colors_info=\u00bb{}\u00bb][\/et_pb_button][\/et_pb_column][et_pb_column type=\u00bb1_3&#8243; _builder_version=\u00bb4.16&#8243; _module_preset=\u00bbdefault\u00bb global_colors_info=\u00bb{}\u00bb][et_pb_image src=\u00bbhttps:\/\/www.marinefloor.fr\/wp-content\/uploads\/logo-eseac.png\u00bb alt=\u00bbESEAC &#8211; Partenaire dans le Sud-Ouest, France\u00bb title_text=\u00bbESEAC &#8211; Partenaire dans le Sud-Ouest, France\u00bb align=\u00bbcenter\u00bb _builder_version=\u00bb4.21.2&#8243; _module_preset=\u00bbdefault\u00bb animation_style=\u00bbflip\u00bb animation_delay=\u00bb400ms\u00bb box_shadow_style=\u00bbpreset1&#8243; global_colors_info=\u00bb{}\u00bb][\/et_pb_image][et_pb_text _builder_version=\u00bb4.23.4&#8243; _module_preset=\u00bbdefault\u00bb text_text_color=\u00bb#666666&#8243; text_font_size=\u00bb16px\u00bb text_orientation=\u00bbcenter\u00bb animation_style=\u00bbfade\u00bb animation_delay=\u00bb100ms\u00bb locked=\u00bboff\u00bb global_colors_info=\u00bb{}\u00bb]<\/p>\n<p>Socio en el suroeste de Francia.<\/p>\n<p><img loading=\"lazy\" decoding=\"async\" class=\"wp-image-249503 aligncenter size-full\" src=\"https:\/\/www.marinefloor.fr\/wp-content\/uploads\/drapeau-fr.jpg\" alt=\"Partenaires MarineFloor France\" width=\"80\" height=\"54\" \/>[\/et_pb_text][et_pb_button button_url=\u00bb@ET-DC@eyJkeW5hbWljIjp0cnVlLCJjb250ZW50IjoicG9zdF9saW5rX3VybF9wYWdlIiwic2V0dGluZ3MiOnsicG9zdF9pZCI6IjI0OTUxMSJ9fQ==@\u00bb button_text=\u00bbVer detalles\u00bb button_alignment=\u00bbcenter\u00bb admin_label=\u00bbVoir la fiche\u00bb _builder_version=\u00bb4.23.4&#8243; _dynamic_attributes=\u00bbbutton_url\u00bb _module_preset=\u00bbdefault\u00bb custom_button=\u00bbon\u00bb button_use_icon=\u00bboff\u00bb animation_style=\u00bbslide\u00bb animation_direction=\u00bbtop\u00bb animation_duration=\u00bb1500ms\u00bb animation_delay=\u00bb50ms\u00bb locked=\u00bboff\u00bb global_colors_info=\u00bb{}\u00bb][\/et_pb_button][\/et_pb_column][\/et_pb_row][\/et_pb_section][et_pb_section fb_built=\u00bb1&#8243; _builder_version=\u00bb4.17.0&#8243; _module_preset=\u00bbdefault\u00bb z_index=\u00bb999&#8243; overflow-x=\u00bbvisible\u00bb overflow-y=\u00bbvisible\u00bb box_shadow_style=\u00bbpreset3&#8243; locked=\u00bboff\u00bb global_colors_info=\u00bb{}\u00bb][et_pb_row use_custom_gutter=\u00bbon\u00bb _builder_version=\u00bb4.16&#8243; _module_preset=\u00bbdefault\u00bb max_width=\u00bb1480px\u00bb locked=\u00bboff\u00bb global_colors_info=\u00bb{}\u00bb][et_pb_column type=\u00bb4_4&#8243; _builder_version=\u00bb4.16&#8243; _module_preset=\u00bbdefault\u00bb global_colors_info=\u00bb{}\u00bb][et_pb_text admin_label=\u00bbOutre-mer\u00bb _builder_version=\u00bb4.23.4&#8243; _module_preset=\u00bbdefault\u00bb header_2_text_color=\u00bb#32353A\u00bb header_2_font_size=\u00bb30px\u00bb header_3_font_size=\u00bb25px\u00bb text_orientation=\u00bbjustified\u00bb animation_style=\u00bbslide\u00bb animation_direction=\u00bbtop\u00bb header_2_font_size_tablet=\u00bb30px\u00bb header_2_font_size_phone=\u00bb24px\u00bb header_2_font_size_last_edited=\u00bbon|desktop\u00bb header_3_font_size_tablet=\u00bb25px\u00bb header_3_font_size_phone=\u00bb20px\u00bb header_3_font_size_last_edited=\u00bbon|desktop\u00bb global_colors_info=\u00bb{}\u00bb]<\/p>\n<h2><span style=\"color: #189fd8;\">T<\/span>erritorios franceses de ultramar<\/h2>\n<p>[\/et_pb_text][et_pb_divider divider_position=\u00bbcenter\u00bb divider_weight=\u00bb2px\u00bb divider_weight_tablet=\u00bb2px\u00bb divider_weight_phone=\u00bb2px\u00bb divider_weight_last_edited=\u00bbon|desktop\u00bb _builder_version=\u00bb4.17.3&#8243; _module_preset=\u00bbdefault\u00bb width=\u00bb670px\u00bb width_tablet=\u00bbauto\u00bb width_phone=\u00bbauto\u00bb width_last_edited=\u00bbon|desktop\u00bb module_alignment=\u00bbleft\u00bb custom_padding=\u00bb||10px||false|false\u00bb animation_style=\u00bbfade\u00bb module_alignment_tablet=\u00bbcenter\u00bb module_alignment_phone=\u00bbcenter\u00bb module_alignment_last_edited=\u00bboff|desktop\u00bb locked=\u00bboff\u00bb global_colors_info=\u00bb{}\u00bb][\/et_pb_divider][\/et_pb_column][\/et_pb_row][et_pb_row column_structure=\u00bb1_2,1_2&#8243; use_custom_gutter=\u00bbon\u00bb make_equal=\u00bbon\u00bb _builder_version=\u00bb4.17.0&#8243; _module_preset=\u00bbdefault\u00bb max_width=\u00bb1480px\u00bb global_colors_info=\u00bb{}\u00bb][et_pb_column type=\u00bb1_2&#8243; _builder_version=\u00bb4.16&#8243; _module_preset=\u00bbdefault\u00bb global_colors_info=\u00bb{}\u00bb][et_pb_image src=\u00bbhttps:\/\/www.marinefloor.fr\/wp-content\/uploads\/logo-marinefloor-caraibes.jpg\u00bb alt=\u00bbMarinefloor Caraibes\u00bb title_text=\u00bbMarinefloor Caraibes\u00bb align=\u00bbcenter\u00bb _builder_version=\u00bb4.17.0&#8243; _module_preset=\u00bbdefault\u00bb animation_style=\u00bbflip\u00bb box_shadow_style=\u00bbpreset1&#8243; locked=\u00bboff\u00bb global_colors_info=\u00bb{}\u00bb][\/et_pb_image][et_pb_text _builder_version=\u00bb4.23.4&#8243; _module_preset=\u00bbdefault\u00bb text_text_color=\u00bb#666666&#8243; text_font_size=\u00bb16px\u00bb text_orientation=\u00bbcenter\u00bb animation_style=\u00bbfade\u00bb animation_delay=\u00bb100ms\u00bb locked=\u00bboff\u00bb global_colors_info=\u00bb{}\u00bb]<\/p>\n<p>Socio en Martinica, Francia.<\/p>\n<p><img loading=\"lazy\" decoding=\"async\" class=\"aligncenter wp-image-249529 size-full\" src=\"https:\/\/www.marinefloor.fr\/wp-content\/uploads\/drapeau-martinique.jpg\" alt=\"Partenaires MarineFloor Martinique, France Outre-mer\" width=\"80\" height=\"54\" \/><\/p>\n<p>[\/et_pb_text][et_pb_button button_url=\u00bb@ET-DC@eyJkeW5hbWljIjp0cnVlLCJjb250ZW50IjoicG9zdF9saW5rX3VybF9wYWdlIiwic2V0dGluZ3MiOnsicG9zdF9pZCI6IjI0OTUzNCJ9fQ==@\u00bb button_text=\u00bbVer detalles\u00bb button_alignment=\u00bbcenter\u00bb admin_label=\u00bbVoir la fiche\u00bb _builder_version=\u00bb4.23.4&#8243; _dynamic_attributes=\u00bbbutton_url\u00bb _module_preset=\u00bbdefault\u00bb custom_button=\u00bbon\u00bb button_use_icon=\u00bboff\u00bb animation_style=\u00bbslide\u00bb animation_direction=\u00bbtop\u00bb animation_duration=\u00bb1500ms\u00bb animation_delay=\u00bb50ms\u00bb locked=\u00bboff\u00bb global_colors_info=\u00bb{}\u00bb][\/et_pb_button][\/et_pb_column][et_pb_column type=\u00bb1_2&#8243; _builder_version=\u00bb4.16&#8243; _module_preset=\u00bbdefault\u00bb global_colors_info=\u00bb{}\u00bb][et_pb_image src=\u00bbhttps:\/\/www.marinefloor.fr\/wp-content\/uploads\/logo-marinefloor-guadeloupe.jpg\u00bb alt=\u00bbMarinefloor Guadeloupe\u00bb title_text=\u00bbMarinefloor Guadeloupe\u00bb align=\u00bbcenter\u00bb _builder_version=\u00bb4.17.0&#8243; _module_preset=\u00bbdefault\u00bb animation_style=\u00bbflip\u00bb box_shadow_style=\u00bbpreset1&#8243; locked=\u00bboff\u00bb global_colors_info=\u00bb{}\u00bb][\/et_pb_image][et_pb_text _builder_version=\u00bb4.23.4&#8243; _module_preset=\u00bbdefault\u00bb text_text_color=\u00bb#666666&#8243; text_font_size=\u00bb16px\u00bb text_orientation=\u00bbcenter\u00bb animation_style=\u00bbfade\u00bb animation_delay=\u00bb100ms\u00bb locked=\u00bboff\u00bb global_colors_info=\u00bb{}\u00bb]<\/p>\n<p>Socio en Guadalupe, Francia.<\/p>\n<p><img loading=\"lazy\" decoding=\"async\" class=\"wp-image-249532 aligncenter size-full\" src=\"https:\/\/www.marinefloor.fr\/wp-content\/uploads\/drapeau-guadeloupe.jpg\" alt=\"Partenaires MarineFloor Guadeloupe, France Outre-mer\" width=\"80\" height=\"54\" \/><\/p>\n<p>[\/et_pb_text][et_pb_button button_url=\u00bb@ET-DC@eyJkeW5hbWljIjp0cnVlLCJjb250ZW50IjoicG9zdF9saW5rX3VybF9wYWdlIiwic2V0dGluZ3MiOnsicG9zdF9pZCI6IjI0OTUzNiJ9fQ==@\u00bb button_text=\u00bbVer detalles\u00bb button_alignment=\u00bbcenter\u00bb admin_label=\u00bbVoir la fiche\u00bb _builder_version=\u00bb4.23.4&#8243; _dynamic_attributes=\u00bbbutton_url\u00bb _module_preset=\u00bbdefault\u00bb custom_button=\u00bbon\u00bb button_use_icon=\u00bboff\u00bb animation_style=\u00bbslide\u00bb animation_direction=\u00bbtop\u00bb animation_duration=\u00bb1500ms\u00bb animation_delay=\u00bb50ms\u00bb locked=\u00bboff\u00bb global_colors_info=\u00bb{}\u00bb][\/et_pb_button][\/et_pb_column][\/et_pb_row][\/et_pb_section][et_pb_section fb_built=\u00bb1&#8243; _builder_version=\u00bb4.17.0&#8243; _module_preset=\u00bbdefault\u00bb z_index=\u00bb99&#8243; overflow-x=\u00bbvisible\u00bb overflow-y=\u00bbvisible\u00bb box_shadow_style=\u00bbpreset3&#8243; locked=\u00bboff\u00bb global_colors_info=\u00bb{}\u00bb][et_pb_row use_custom_gutter=\u00bbon\u00bb make_equal=\u00bbon\u00bb _builder_version=\u00bb4.17.0&#8243; _module_preset=\u00bbdefault\u00bb max_width=\u00bb1480px\u00bb locked=\u00bboff\u00bb global_colors_info=\u00bb{}\u00bb][et_pb_column type=\u00bb4_4&#8243; _builder_version=\u00bb4.16&#8243; _module_preset=\u00bbdefault\u00bb global_colors_info=\u00bb{}\u00bb][et_pb_text admin_label=\u00bbEurope\u00bb _builder_version=\u00bb4.23.4&#8243; _module_preset=\u00bbdefault\u00bb header_2_text_color=\u00bb#32353A\u00bb header_2_font_size=\u00bb30px\u00bb header_3_font_size=\u00bb25px\u00bb text_orientation=\u00bbjustified\u00bb animation_style=\u00bbslide\u00bb animation_direction=\u00bbtop\u00bb header_2_font_size_tablet=\u00bb30px\u00bb header_2_font_size_phone=\u00bb24px\u00bb header_2_font_size_last_edited=\u00bbon|desktop\u00bb header_3_font_size_tablet=\u00bb25px\u00bb header_3_font_size_phone=\u00bb20px\u00bb header_3_font_size_last_edited=\u00bbon|desktop\u00bb global_colors_info=\u00bb{}\u00bb]<\/p>\n<h2><span style=\"color: #189fd8;\">E<\/span>uropa<\/h2>\n<p>[\/et_pb_text][et_pb_divider divider_position=\u00bbcenter\u00bb divider_weight=\u00bb2px\u00bb divider_weight_tablet=\u00bb2px\u00bb divider_weight_phone=\u00bb2px\u00bb divider_weight_last_edited=\u00bbon|desktop\u00bb _builder_version=\u00bb4.17.3&#8243; _module_preset=\u00bbdefault\u00bb width=\u00bb670px\u00bb width_tablet=\u00bbauto\u00bb width_phone=\u00bbauto\u00bb width_last_edited=\u00bbon|desktop\u00bb module_alignment=\u00bbleft\u00bb custom_padding=\u00bb||10px||false|false\u00bb animation_style=\u00bbfade\u00bb module_alignment_tablet=\u00bbcenter\u00bb module_alignment_phone=\u00bbcenter\u00bb module_alignment_last_edited=\u00bboff|desktop\u00bb locked=\u00bboff\u00bb global_colors_info=\u00bb{}\u00bb][\/et_pb_divider][\/et_pb_column][\/et_pb_row][et_pb_row column_structure=\u00bb1_3,1_3,1_3&#8243; use_custom_gutter=\u00bbon\u00bb disabled_on=\u00bboff|off|off\u00bb _builder_version=\u00bb4.16&#8243; _module_preset=\u00bbdefault\u00bb max_width=\u00bb1480px\u00bb locked=\u00bboff\u00bb global_colors_info=\u00bb{}\u00bb][et_pb_column type=\u00bb1_3&#8243; _builder_version=\u00bb4.16&#8243; _module_preset=\u00bbdefault\u00bb global_colors_info=\u00bb{}\u00bb][et_pb_image src=\u00bbhttps:\/\/www.marinefloor.fr\/wp-content\/uploads\/logo-charlies-factory.jpg\u00bb alt=\u00bbCharlies Factory &#8211; Partenaire Belgique\u00bb title_text=\u00bbCharlies Factory &#8211; Partenaire Belgique\u00bb align=\u00bbcenter\u00bb _builder_version=\u00bb4.17.0&#8243; _module_preset=\u00bbdefault\u00bb animation_style=\u00bbflip\u00bb box_shadow_style=\u00bbpreset1&#8243; global_colors_info=\u00bb{}\u00bb][\/et_pb_image][et_pb_text _builder_version=\u00bb4.23.4&#8243; _module_preset=\u00bbdefault\u00bb text_text_color=\u00bb#666666&#8243; text_font_size=\u00bb16px\u00bb text_orientation=\u00bbcenter\u00bb animation_style=\u00bbfade\u00bb animation_delay=\u00bb100ms\u00bb locked=\u00bboff\u00bb global_colors_info=\u00bb{}\u00bb]<\/p>\n<p>Socio en B\u00e9lgica.<\/p>\n<p><img loading=\"lazy\" decoding=\"async\" class=\"wp-image-249562 aligncenter size-full\" src=\"https:\/\/www.marinefloor.fr\/wp-content\/uploads\/drapeau-belgique.jpg\" alt=\"Partenaires MarineFloor Belgique\" width=\"80\" height=\"54\" \/><\/p>\n<p>[\/et_pb_text][et_pb_button button_url=\u00bb@ET-DC@eyJkeW5hbWljIjp0cnVlLCJjb250ZW50IjoicG9zdF9saW5rX3VybF9wYWdlIiwic2V0dGluZ3MiOnsicG9zdF9pZCI6IjI0OTU1NiJ9fQ==@\u00bb button_text=\u00bbVer detalles\u00bb button_alignment=\u00bbcenter\u00bb admin_label=\u00bbVoir la fiche\u00bb _builder_version=\u00bb4.23.4&#8243; _dynamic_attributes=\u00bbbutton_url\u00bb _module_preset=\u00bbdefault\u00bb custom_button=\u00bbon\u00bb button_use_icon=\u00bboff\u00bb animation_style=\u00bbslide\u00bb animation_direction=\u00bbtop\u00bb animation_duration=\u00bb1500ms\u00bb animation_delay=\u00bb50ms\u00bb locked=\u00bboff\u00bb global_colors_info=\u00bb{}\u00bb][\/et_pb_button][\/et_pb_column][et_pb_column type=\u00bb1_3&#8243; _builder_version=\u00bb4.16&#8243; _module_preset=\u00bbdefault\u00bb global_colors_info=\u00bb{}\u00bb][et_pb_image src=\u00bbhttps:\/\/www.marinefloor.fr\/wp-content\/uploads\/logo-unibis.jpg\u00bb alt=\u00bbUnibis &#8211; Partenaire Espagne\u00bb title_text=\u00bbUnibis &#8211; Partenaire Espagne\u00bb align=\u00bbcenter\u00bb _builder_version=\u00bb4.17.0&#8243; _module_preset=\u00bbdefault\u00bb animation_style=\u00bbflip\u00bb animation_delay=\u00bb200ms\u00bb box_shadow_style=\u00bbpreset1&#8243; global_colors_info=\u00bb{}\u00bb][\/et_pb_image][et_pb_text _builder_version=\u00bb4.23.4&#8243; _module_preset=\u00bbdefault\u00bb text_text_color=\u00bb#666666&#8243; text_font_size=\u00bb16px\u00bb text_orientation=\u00bbcenter\u00bb animation_style=\u00bbfade\u00bb animation_delay=\u00bb100ms\u00bb locked=\u00bboff\u00bb global_colors_info=\u00bb{}\u00bb]<\/p>\n<p>Socio en Espa\u00f1a.<\/p>\n<p><img loading=\"lazy\" decoding=\"async\" class=\"wp-image-249563 aligncenter size-full\" src=\"https:\/\/www.marinefloor.fr\/wp-content\/uploads\/drapeau-espagne.jpg\" alt=\"Partenaires MarineFloor Espagne\" width=\"80\" height=\"54\" \/><\/p>\n<p>[\/et_pb_text][et_pb_button button_url=\u00bb@ET-DC@eyJkeW5hbWljIjp0cnVlLCJjb250ZW50IjoicG9zdF9saW5rX3VybF9wYWdlIiwic2V0dGluZ3MiOnsicG9zdF9pZCI6IjI0OTU1OCJ9fQ==@\u00bb button_text=\u00bbVer detalles\u00bb button_alignment=\u00bbcenter\u00bb admin_label=\u00bbVoir la fiche\u00bb _builder_version=\u00bb4.23.4&#8243; _dynamic_attributes=\u00bbbutton_url\u00bb _module_preset=\u00bbdefault\u00bb custom_button=\u00bbon\u00bb button_use_icon=\u00bboff\u00bb animation_style=\u00bbslide\u00bb animation_direction=\u00bbtop\u00bb animation_duration=\u00bb1500ms\u00bb animation_delay=\u00bb50ms\u00bb locked=\u00bboff\u00bb global_colors_info=\u00bb{}\u00bb][\/et_pb_button][\/et_pb_column][et_pb_column type=\u00bb1_3&#8243; _builder_version=\u00bb4.16&#8243; _module_preset=\u00bbdefault\u00bb global_colors_info=\u00bb{}\u00bb][et_pb_image src=\u00bbhttps:\/\/www.marinefloor.fr\/wp-content\/uploads\/logo-econautic.jpg\u00bb alt=\u00bbEconautic &#8211; Partenaire Suisse\u00bb title_text=\u00bbEconautic &#8211; Partenaire Suisse\u00bb align=\u00bbcenter\u00bb _builder_version=\u00bb4.17.0&#8243; _module_preset=\u00bbdefault\u00bb animation_style=\u00bbflip\u00bb animation_delay=\u00bb400ms\u00bb box_shadow_style=\u00bbpreset1&#8243; global_colors_info=\u00bb{}\u00bb][\/et_pb_image][et_pb_text _builder_version=\u00bb4.23.4&#8243; _module_preset=\u00bbdefault\u00bb text_text_color=\u00bb#666666&#8243; text_font_size=\u00bb16px\u00bb text_orientation=\u00bbcenter\u00bb animation_style=\u00bbfade\u00bb animation_delay=\u00bb100ms\u00bb locked=\u00bboff\u00bb global_colors_info=\u00bb{}\u00bb]<\/p>\n<p>Socio en Suiza.<\/p>\n<p><img loading=\"lazy\" decoding=\"async\" class=\"wp-image-249564 aligncenter size-full\" src=\"https:\/\/www.marinefloor.fr\/wp-content\/uploads\/drapeau-suisse.jpg\" alt=\"Partenaires MarineFloor Suisse\" width=\"80\" height=\"54\" \/><\/p>\n<p>[\/et_pb_text][et_pb_button button_url=\u00bb@ET-DC@eyJkeW5hbWljIjp0cnVlLCJjb250ZW50IjoicG9zdF9saW5rX3VybF9wYWdlIiwic2V0dGluZ3MiOnsicG9zdF9pZCI6IjI0OTU2MCJ9fQ==@\u00bb button_text=\u00bbVer detalles\u00bb button_alignment=\u00bbcenter\u00bb admin_label=\u00bbVoir la fiche\u00bb _builder_version=\u00bb4.23.4&#8243; _dynamic_attributes=\u00bbbutton_url\u00bb _module_preset=\u00bbdefault\u00bb custom_button=\u00bbon\u00bb button_use_icon=\u00bboff\u00bb animation_style=\u00bbslide\u00bb animation_direction=\u00bbtop\u00bb animation_duration=\u00bb1500ms\u00bb animation_delay=\u00bb50ms\u00bb locked=\u00bboff\u00bb global_colors_info=\u00bb{}\u00bb][\/et_pb_button][\/et_pb_column][\/et_pb_row][et_pb_row column_structure=\u00bb1_3,1_3,1_3&#8243; use_custom_gutter=\u00bbon\u00bb disabled_on=\u00bboff|off|off\u00bb _builder_version=\u00bb4.16&#8243; _module_preset=\u00bbdefault\u00bb max_width=\u00bb1480px\u00bb locked=\u00bboff\u00bb global_colors_info=\u00bb{}\u00bb][et_pb_column type=\u00bb1_3&#8243; _builder_version=\u00bb4.16&#8243; _module_preset=\u00bbdefault\u00bb global_colors_info=\u00bb{}\u00bb][et_pb_image src=\u00bbhttps:\/\/www.marinefloor.fr\/wp-content\/uploads\/Akerlind-Marin-web.jpg\u00bb alt=\u00bbEconautic &#8211; Partenaire Suisse\u00bb title_text=\u00bbAkerlind Marin (web)\u00bb align=\u00bbcenter\u00bb _builder_version=\u00bb4.18.0&#8243; _module_preset=\u00bbdefault\u00bb animation_style=\u00bbflip\u00bb animation_delay=\u00bb400ms\u00bb box_shadow_style=\u00bbpreset1&#8243; global_colors_info=\u00bb{}\u00bb][\/et_pb_image][et_pb_text _builder_version=\u00bb4.23.4&#8243; _module_preset=\u00bbdefault\u00bb text_text_color=\u00bb#666666&#8243; text_font_size=\u00bb16px\u00bb text_orientation=\u00bbcenter\u00bb animation_style=\u00bbfade\u00bb animation_delay=\u00bb100ms\u00bb locked=\u00bboff\u00bb global_colors_info=\u00bb{}\u00bb]<\/p>\n<p>Socio en Irlanda<\/p>\n<p><img loading=\"lazy\" decoding=\"async\" class=\"wp-image-249564 aligncenter size-full\" src=\"https:\/\/www.marinefloor.fr\/wp-content\/uploads\/drapeau-irlande.jpg\" alt=\"Partenaires MarineFloor Irlande\" width=\"80\" height=\"54\" \/><\/p>\n<p>[\/et_pb_text][et_pb_button button_url=\u00bb@ET-DC@eyJkeW5hbWljIjp0cnVlLCJjb250ZW50IjoicG9zdF9saW5rX3VybF9wYWdlIiwic2V0dGluZ3MiOnsicG9zdF9pZCI6IjI1Mzk0NiJ9fQ==@\u00bb button_text=\u00bbVer detalles\u00bb button_alignment=\u00bbcenter\u00bb admin_label=\u00bbVoir la fiche\u00bb _builder_version=\u00bb4.23.4&#8243; _dynamic_attributes=\u00bbbutton_url\u00bb _module_preset=\u00bbdefault\u00bb custom_button=\u00bbon\u00bb button_use_icon=\u00bboff\u00bb animation_style=\u00bbslide\u00bb animation_direction=\u00bbtop\u00bb animation_duration=\u00bb1500ms\u00bb animation_delay=\u00bb50ms\u00bb locked=\u00bboff\u00bb global_colors_info=\u00bb{}\u00bb][\/et_pb_button][\/et_pb_column][et_pb_column type=\u00bb1_3&#8243; _builder_version=\u00bb4.16&#8243; _module_preset=\u00bbdefault\u00bb global_colors_info=\u00bb{}\u00bb][et_pb_image src=\u00bbhttps:\/\/www.marinefloor.fr\/wp-content\/uploads\/kofunar-web.jpg\u00bb alt=\u00bbEconautic &#8211; Partenaire Suisse\u00bb title_text=\u00bbkofunar-web\u00bb align=\u00bbcenter\u00bb admin_label=\u00bbImage\u00bb _builder_version=\u00bb4.21.0&#8243; _module_preset=\u00bbdefault\u00bb animation_style=\u00bbflip\u00bb animation_delay=\u00bb400ms\u00bb box_shadow_style=\u00bbpreset1&#8243; global_colors_info=\u00bb{}\u00bb][\/et_pb_image][et_pb_text _builder_version=\u00bb4.23.4&#8243; _module_preset=\u00bbdefault\u00bb text_text_color=\u00bb#666666&#8243; text_font_size=\u00bb16px\u00bb text_orientation=\u00bbcenter\u00bb animation_style=\u00bbfade\u00bb animation_delay=\u00bb100ms\u00bb locked=\u00bboff\u00bb global_colors_info=\u00bb{}\u00bb]<\/p>\n<p>Socio en Islandia<\/p>\n<p><img loading=\"lazy\" decoding=\"async\" class=\"aligncenter wp-image-256373 \" src=\"https:\/\/www.marinefloor.fr\/wp-content\/uploads\/drapeau-islande.jpeg\" alt=\"\" width=\"85\" height=\"56\" srcset=\"https:\/\/www.marinefloor.fr\/wp-content\/uploads\/drapeau-islande.jpeg 355w, https:\/\/www.marinefloor.fr\/wp-content\/uploads\/drapeau-islande-300x200.jpeg 300w\" sizes=\"(max-width: 85px) 100vw, 85px\" \/><\/p>\n<p>[\/et_pb_text][et_pb_button button_url=\u00bbhttps:\/\/www.marinefloor.fr\/es\/kofunar\/\u00bb button_text=\u00bbVer detalles\u00bb button_alignment=\u00bbcenter\u00bb admin_label=\u00bbVoir la fiche\u00bb _builder_version=\u00bb4.23.4&#8243; _module_preset=\u00bbdefault\u00bb custom_button=\u00bbon\u00bb button_use_icon=\u00bboff\u00bb animation_style=\u00bbslide\u00bb animation_direction=\u00bbtop\u00bb animation_duration=\u00bb1500ms\u00bb animation_delay=\u00bb50ms\u00bb hover_enabled=\u00bb0&#8243; locked=\u00bboff\u00bb global_colors_info=\u00bb{}\u00bb sticky_enabled=\u00bb0&#8243;][\/et_pb_button][\/et_pb_column][et_pb_column type=\u00bb1_3&#8243; _builder_version=\u00bb4.16&#8243; _module_preset=\u00bbdefault\u00bb global_colors_info=\u00bb{}\u00bb][et_pb_image src=\u00bbhttps:\/\/www.marinefloor.fr\/wp-content\/uploads\/logo-moshe-israel.png\u00bb alt=\u00bbEconautic &#8211; Partenaire Suisse\u00bb title_text=\u00bblogo-moshe-israel\u00bb align=\u00bbcenter\u00bb disabled_on=\u00bbon|on|on\u00bb admin_label=\u00bbImage\u00bb _builder_version=\u00bb4.21.2&#8243; _module_preset=\u00bbdefault\u00bb animation_style=\u00bbflip\u00bb animation_delay=\u00bb400ms\u00bb box_shadow_style=\u00bbpreset1&#8243; disabled=\u00bbon\u00bb global_colors_info=\u00bb{}\u00bb][\/et_pb_image][et_pb_text disabled_on=\u00bbon|on|on\u00bb _builder_version=\u00bb4.21.2&#8243; _module_preset=\u00bbdefault\u00bb text_text_color=\u00bb#666666&#8243; text_font_size=\u00bb16px\u00bb text_orientation=\u00bbcenter\u00bb animation_style=\u00bbfade\u00bb animation_delay=\u00bb100ms\u00bb disabled=\u00bbon\u00bb locked=\u00bboff\u00bb global_colors_info=\u00bb{}\u00bb]<\/p>\n<p>Partenaire en Isra\u00ebl<\/p>\n<p><img loading=\"lazy\" decoding=\"async\" class=\"aligncenter wp-image-258079 \" src=\"https:\/\/www.marinefloor.fr\/wp-content\/uploads\/Flag_of_Israel-1024x745.png\" alt=\"\" width=\"77\" height=\"56\" \/><\/p>\n<p>[\/et_pb_text][et_pb_button button_url=\u00bbhttps:\/\/www.marinefloor.fr\/kofunar\/\u00bb button_text=\u00bbVoir la fiche\u00bb button_alignment=\u00bbcenter\u00bb disabled_on=\u00bbon|on|on\u00bb admin_label=\u00bbVoir la fiche\u00bb _builder_version=\u00bb4.21.2&#8243; _module_preset=\u00bbdefault\u00bb custom_button=\u00bbon\u00bb button_use_icon=\u00bboff\u00bb animation_style=\u00bbslide\u00bb animation_direction=\u00bbtop\u00bb animation_duration=\u00bb1500ms\u00bb animation_delay=\u00bb50ms\u00bb disabled=\u00bbon\u00bb locked=\u00bboff\u00bb global_colors_info=\u00bb{}\u00bb][\/et_pb_button][\/et_pb_column][\/et_pb_row][\/et_pb_section][et_pb_section fb_built=\u00bb1&#8243; _builder_version=\u00bb4.17.0&#8243; _module_preset=\u00bbdefault\u00bb z_index=\u00bb9&#8243; overflow-x=\u00bbvisible\u00bb overflow-y=\u00bbvisible\u00bb box_shadow_style=\u00bbpreset3&#8243; locked=\u00bboff\u00bb global_colors_info=\u00bb{}\u00bb][et_pb_row use_custom_gutter=\u00bbon\u00bb make_equal=\u00bbon\u00bb _builder_version=\u00bb4.17.0&#8243; _module_preset=\u00bbdefault\u00bb max_width=\u00bb1280px\u00bb locked=\u00bboff\u00bb global_colors_info=\u00bb{}\u00bb][et_pb_column type=\u00bb4_4&#8243; _builder_version=\u00bb4.16&#8243; _module_preset=\u00bbdefault\u00bb global_colors_info=\u00bb{}\u00bb][et_pb_text admin_label=\u00bbAller plus loin\u00bb _builder_version=\u00bb4.23.4&#8243; _module_preset=\u00bbdefault\u00bb header_2_text_color=\u00bb#32353A\u00bb header_2_font_size=\u00bb30px\u00bb header_3_font_size=\u00bb25px\u00bb text_orientation=\u00bbjustified\u00bb animation_style=\u00bbslide\u00bb animation_direction=\u00bbtop\u00bb header_2_font_size_tablet=\u00bb30px\u00bb header_2_font_size_phone=\u00bb24px\u00bb header_2_font_size_last_edited=\u00bbon|desktop\u00bb header_3_font_size_tablet=\u00bb25px\u00bb header_3_font_size_phone=\u00bb20px\u00bb header_3_font_size_last_edited=\u00bbon|desktop\u00bb global_colors_info=\u00bb{}\u00bb]<\/p>\n<h2><span style=\"color: #189fd8;\">I<\/span>r m\u00e1s lejos<\/h2>\n<p>[\/et_pb_text][et_pb_divider divider_position=\u00bbcenter\u00bb divider_weight=\u00bb2px\u00bb divider_weight_tablet=\u00bb2px\u00bb divider_weight_phone=\u00bb2px\u00bb divider_weight_last_edited=\u00bbon|desktop\u00bb _builder_version=\u00bb4.17.3&#8243; _module_preset=\u00bbdefault\u00bb width=\u00bb670px\u00bb width_tablet=\u00bbauto\u00bb width_phone=\u00bbauto\u00bb width_last_edited=\u00bbon|desktop\u00bb module_alignment=\u00bbleft\u00bb custom_padding=\u00bb||10px||false|false\u00bb animation_style=\u00bbfade\u00bb module_alignment_tablet=\u00bbcenter\u00bb module_alignment_phone=\u00bbcenter\u00bb module_alignment_last_edited=\u00bboff|desktop\u00bb locked=\u00bboff\u00bb global_colors_info=\u00bb{}\u00bb][\/et_pb_divider][\/et_pb_column][\/et_pb_row][et_pb_row column_structure=\u00bb1_2,1_2&#8243; use_custom_gutter=\u00bbon\u00bb make_equal=\u00bbon\u00bb _builder_version=\u00bb4.17.0&#8243; _module_preset=\u00bbdefault\u00bb max_width=\u00bb1280px\u00bb global_colors_info=\u00bb{}\u00bb][et_pb_column type=\u00bb1_2&#8243; _builder_version=\u00bb4.17.0&#8243; _module_preset=\u00bbdefault\u00bb global_colors_info=\u00bb{}\u00bb][et_pb_text admin_label=\u00bbConseil devis\u00bb _builder_version=\u00bb4.23.4&#8243; _module_preset=\u00bbdefault\u00bb text_font_size=\u00bb16px\u00bb header_3_text_align=\u00bbcenter\u00bb header_3_font_size=\u00bb20px\u00bb header_3_line_height=\u00bb1.3em\u00bb header_4_text_align=\u00bbcenter\u00bb text_orientation=\u00bbcenter\u00bb global_colors_info=\u00bb{}\u00bb]<\/p>\n<h3>Un consejo ? Un presupuesto ? ?<\/h3>\n<h4>Ponte en contacto directamente con el socio de tu zona geogr\u00e1fica.<\/h4>\n<p>Tambi\u00e9n puedes <a href=\"https:\/\/www.marinefloor.fr\/contact\/\">contactar<\/a> econ nosotros y te pondremos en contacto con \u00e9l. Si no hay ning\u00fan socio local, nos ocuparemos de su solicitud directamente.<\/p>\n<p>[\/et_pb_text][\/et_pb_column][et_pb_column type=\u00bb1_2&#8243; _builder_version=\u00bb4.17.0&#8243; _module_preset=\u00bbdefault\u00bb global_colors_info=\u00bb{}\u00bb][et_pb_text admin_label=\u00bbnous rejoindre\u00bb _builder_version=\u00bb4.23.4&#8243; _module_preset=\u00bbdefault\u00bb text_font_size=\u00bb16px\u00bb header_3_text_align=\u00bbcenter\u00bb header_3_font_size=\u00bb20px\u00bb header_3_line_height=\u00bb1.3em\u00bb header_4_text_align=\u00bbcenter\u00bb text_orientation=\u00bbcenter\u00bb hover_enabled=\u00bb0&#8243; global_colors_info=\u00bb{}\u00bb sticky_enabled=\u00bb0&#8243;]<\/p>\n<h3>\u00bfQuieres unirte a nosotros ?<\/h3>\n<h4>Cont\u00e1ctenos para discutirlo y evaluar la viabilidad de una asociaci\u00f3n.<\/h4>\n<p>Siempre estamos buscando actores establecidos y de confianza para desarrollar el uso ilimitado de nuestros pontones flotantes, presentar nuestros productos, instalarlos, mantenerlos&#8230; \u00a1<a href=\"https:\/\/www.marinefloor.fr\/es\/contact\/\">Escr\u00edbanos<\/a>! <\/p>\n<p>[\/et_pb_text][\/et_pb_column][\/et_pb_row][\/et_pb_section]<\/p>\n","protected":false},"excerpt":{"rendered":"<p>\u00a1En MarineFloor, los socios son como una gran familia! Se construy\u00f3 con el tiempo, los encuentros, las casualidades de la vida&#8230; Es el resultado de la comprensi\u00f3n, la simpat\u00eda, el respeto mutuo. Une a todos sus miembros, \u00a1y siempre disfrutan vi\u00e9ndose! Una energ\u00eda vital para la influencia de nuestras soluciones, tambi\u00e9n damos gran importancia a las habilidades profesionales y t\u00e9cnicas cuando nos rodeamos de un nuevo socio. Es necesario que est\u00e9 familiarizado con el entorno portuario, mar\u00edtimo y\/o fluvial, poder actuar en solitario en los proyectos a realizar, disponer de un stock de cubos para optimizar la log\u00edstica, etc. La formaci\u00f3n que impartimos nos permite crear un marco serio en torno a la instalaci\u00f3n de nuestras soluciones, su uso, fondeo, amarre, equipamiento, ajuste, su transporte&#8230; para que una realizaci\u00f3n de Marinefloor sea siempre de calidad y sin sorpresas.En contacto constante, tambi\u00e9n discutimos muchos detalles sobre el terreno que nos ayudan a mejorar siempre. Para las necesidades de notas de c\u00e1lculo, estructuras complejas, expedientes t\u00e9cnicos, siempre estamos apoy\u00e1ndolos. Sin ellos, no podr\u00edamos ser tan receptivos y precisos en cuanto a la extensi\u00f3n de los territorios donde se utilizan nuestros productos, y tendr\u00edamos que recurrir a transportes innecesarios. Y sobre todo, gracias [&hellip;]<\/p>\n","protected":false},"author":1,"featured_media":0,"parent":0,"menu_order":4,"comment_status":"closed","ping_status":"closed","template":"","meta":{"_et_pb_use_builder":"on","_et_pb_old_content":"","_et_gb_content_width":"","footnotes":""},"class_list":["post-258909","page","type-page","status-publish","hentry"],"aioseo_notices":[],"_links":{"self":[{"href":"https:\/\/www.marinefloor.fr\/es\/wp-json\/wp\/v2\/pages\/258909","targetHints":{"allow":["GET"]}}],"collection":[{"href":"https:\/\/www.marinefloor.fr\/es\/wp-json\/wp\/v2\/pages"}],"about":[{"href":"https:\/\/www.marinefloor.fr\/es\/wp-json\/wp\/v2\/types\/page"}],"author":[{"embeddable":true,"href":"https:\/\/www.marinefloor.fr\/es\/wp-json\/wp\/v2\/users\/1"}],"replies":[{"embeddable":true,"href":"https:\/\/www.marinefloor.fr\/es\/wp-json\/wp\/v2\/comments?post=258909"}],"version-history":[{"count":7,"href":"https:\/\/www.marinefloor.fr\/es\/wp-json\/wp\/v2\/pages\/258909\/revisions"}],"predecessor-version":[{"id":263777,"href":"https:\/\/www.marinefloor.fr\/es\/wp-json\/wp\/v2\/pages\/258909\/revisions\/263777"}],"wp:attachment":[{"href":"https:\/\/www.marinefloor.fr\/es\/wp-json\/wp\/v2\/media?parent=258909"}],"curies":[{"name":"wp","href":"https:\/\/api.w.org\/{rel}","templated":true}]}}