{"id":263665,"date":"2022-04-14T21:07:49","date_gmt":"2022-04-14T19:07:49","guid":{"rendered":"https:\/\/www.marinefloor.fr\/louer-un-ponton\/"},"modified":"2024-02-26T15:58:08","modified_gmt":"2024-02-26T14:58:08","slug":"alquile-un-ponton-flotante-modular","status":"publish","type":"page","link":"https:\/\/www.marinefloor.fr\/es\/alquile-un-ponton-flotante-modular\/","title":{"rendered":"Alquile una soluci\u00f3n flotante modular"},"content":{"rendered":"<p>[et_pb_section fb_built=\u00bb1&#8243; fullwidth=\u00bbon\u00bb _builder_version=\u00bb4.16&#8243; _module_preset=\u00bbdefault\u00bb custom_margin=\u00bb0px||||false|false\u00bb global_colors_info=\u00bb{}\u00bb][et_pb_fullwidth_header title=\u00bb<span style=%22color: #189fd8;%22>A<\/span>lquile una soluci\u00f3n flotante modular\u00bb header_fullscreen=\u00bbon\u00bb header_scroll_down=\u00bbon\u00bb scroll_down_icon=\u00bb%%1%%\u00bb scroll_down_icon_color=\u00bb#FFFFFF\u00bb background_overlay_color=\u00bbrgba(0,0,0,0.15)\u00bb _builder_version=\u00bb4.23.4&#8243; _module_preset=\u00bbdefault\u00bb title_text_align=\u00bbcenter\u00bb title_font_size=\u00bb60px\u00bb background_image=\u00bbhttps:\/\/www.marinefloor.fr\/wp-content\/uploads\/location-solution-flottante-modulaire-marinefloor.jpg\u00bb parallax=\u00bbon\u00bb title_font_size_tablet=\u00bb40px\u00bb title_font_size_phone=\u00bb32px\u00bb title_font_size_last_edited=\u00bbon|desktop\u00bb title_text_shadow_style=\u00bbpreset5&#8243; title_text_shadow_horizontal_length=\u00bb0.03em\u00bb title_text_shadow_vertical_length=\u00bb0.03em\u00bb global_colors_info=\u00bb{}\u00bb][\/et_pb_fullwidth_header][\/et_pb_section][et_pb_section fb_built=\u00bb1&#8243; _builder_version=\u00bb4.17.0&#8243; _module_preset=\u00bbdefault\u00bb background_enable_color=\u00bboff\u00bb background_color_gradient_direction=\u00bb360deg\u00bb background_color_gradient_start=\u00bbrgba(50,53,58,0.7)\u00bb background_color_gradient_end=\u00bbrgba(50,53,58,0.2)\u00bb z_index=\u00bb99999&#8243; overflow-x=\u00bbvisible\u00bb overflow-y=\u00bbvisible\u00bb animation_style=\u00bbfade\u00bb animation_duration=\u00bb2500ms\u00bb box_shadow_style=\u00bbpreset3&#8243; global_colors_info=\u00bb{}\u00bb][et_pb_row make_equal=\u00bbon\u00bb _builder_version=\u00bb4.16&#8243; _module_preset=\u00bbdefault\u00bb max_width=\u00bb1280px\u00bb locked=\u00bboff\u00bb global_colors_info=\u00bb{}\u00bb][et_pb_column type=\u00bb4_4&#8243; _builder_version=\u00bb4.16&#8243; _module_preset=\u00bbdefault\u00bb global_colors_info=\u00bb{}\u00bb][et_pb_text _builder_version=\u00bb4.23.4&#8243; _module_preset=\u00bbdefault\u00bb text_text_color=\u00bb#666666&#8243; text_font_size=\u00bb16px\u00bb text_orientation=\u00bbjustified\u00bb custom_margin=\u00bb||||false|false\u00bb animation_style=\u00bbfade\u00bb animation_delay=\u00bb100ms\u00bb global_colors_info=\u00bb{}\u00bb]<\/p>\n<div class=\"page\" title=\"Page 44\">\n<div class=\"layoutArea\">\n<div class=\"column\">\n<p>Para sus <strong>necesidades puntuales o estacionales<\/strong>, ofrecemos nuestras <strong>soluciones flotantes hechas de cubos EcoSystem<\/strong> para <strong>alquiler<\/strong> (excluyendo bases para botes y bases para motos acua\u0301ticas, disponibles solo para compra).<\/p>\n<p><strong>Disponibles desde unos di\u0301as hasta varios meses<\/strong>, el alquiler de nuestros pontones flotantes modulares le permite <strong>realizar arreglos de eventos o temporadas<\/strong> con la <strong>mayor facilidad<\/strong> (recursos logi\u0301sticos limitados, fa\u0301cil instalacio\u0301n y plegado, totalmente modular y escalable, incluso durante el proyecto, adaptado a recepcio\u0301n pu\u0301blica, etc.<\/p>\n<\/div>\n<\/div>\n<\/div>\n<div class=\"page\" title=\"Page 44\">\n<div class=\"layoutArea\">\n<div class=\"column\">\n<p>Por supuesto, <strong>el alquiler incluye los servicios<\/strong> de nuestros equipos. Nos encargamos del <strong>estudio te\u0301cnico<\/strong> y de la ejecucio\u0301n, de los <strong>eventuales peritajes<\/strong>, de la <strong>entrega<\/strong>, de la <strong>instalacio\u0301n<\/strong>, del <strong>desmontaje<\/strong> y, en su caso, de la gestio\u0301n del material durante el evento. Por debajo de 100 m2, organizamos un alquiler contigo sin que se desplace el equipo de instalacio\u0301n.<\/p>\n<p>A continuacio\u0301n se muestran <strong>algunos ejemplos concretos en los que alquilar es ma\u0301s ventajoso que comprar<\/strong>:<\/p>\n<\/div>\n<\/div>\n<\/div>\n<ul>\n<li>Eventos deportivos o culturales, espect\u00e1culos flotantes, cines sobre el agua, etc.<\/li>\n<li>Sal\u00f3n n\u00e1utico a flote<\/li>\n<li>Infraestructura de ocio flotante<\/li>\n<li>Puente temporal (industrial, evento)<\/li>\n<li>Estructura flotante para rodaje de pel\u00edculas.<\/li>\n<li>Barcaza de trabajo<\/li>\n<li>Pont\u00f3n de playa de verano<\/li>\n<li>Terraza flotante<\/li>\n<li>Isla flotante<\/li>\n<li>Playa flotante de verano<\/li>\n<li>Piscina flotante<\/li>\n<\/ul>\n<p>Para darle una opini\u00f3n m\u00e1s precisa, consulte nuestras referencias a\u00f1o tras a\u00f1o al final de la p\u00e1gina.<\/p>\n<div class=\"page\" title=\"Page 45\">\n<div class=\"layoutArea\">\n<div class=\"column\">\n<p>El alquiler tambie\u0301n es <strong>una solucio\u0301n interesante para probar una estructura en una situacio\u0301n real y validarla antes de comprarla<\/strong>.<\/p>\n<\/div>\n<\/div>\n<\/div>\n<p>[\/et_pb_text][et_pb_button button_url=\u00bb@ET-DC@eyJkeW5hbWljIjp0cnVlLCJjb250ZW50IjoicG9zdF9saW5rX3VybF9wYWdlIiwic2V0dGluZ3MiOnsicG9zdF9pZCI6IjI0OTM2MSJ9fQ==@\u00bb button_text=\u00bbUn proyecto ? Una cotizaci\u00f3n ?\u00bb button_alignment=\u00bbcenter\u00bb admin_label=\u00bbUn projet ? Un devis ?\u00bb _builder_version=\u00bb4.23.4&#8243; _dynamic_attributes=\u00bbbutton_url\u00bb _module_preset=\u00bbdefault\u00bb custom_button=\u00bbon\u00bb button_use_icon=\u00bboff\u00bb animation_style=\u00bbslide\u00bb animation_direction=\u00bbtop\u00bb animation_duration=\u00bb1500ms\u00bb animation_delay=\u00bb50ms\u00bb locked=\u00bboff\u00bb global_colors_info=\u00bb{}\u00bb][\/et_pb_button][et_pb_divider divider_position=\u00bbcenter\u00bb divider_weight=\u00bb2px\u00bb divider_weight_tablet=\u00bb2px\u00bb divider_weight_phone=\u00bb2px\u00bb divider_weight_last_edited=\u00bbon|desktop\u00bb _builder_version=\u00bb4.18.0&#8243; _module_preset=\u00bbdefault\u00bb width=\u00bb670px\u00bb width_tablet=\u00bbauto\u00bb width_phone=\u00bbauto\u00bb width_last_edited=\u00bbon|desktop\u00bb module_alignment=\u00bbcenter\u00bb custom_padding=\u00bb||0px||false|false\u00bb animation_style=\u00bbfade\u00bb module_alignment_tablet=\u00bbcenter\u00bb module_alignment_phone=\u00bbcenter\u00bb module_alignment_last_edited=\u00bboff|desktop\u00bb locked=\u00bboff\u00bb global_colors_info=\u00bb{}\u00bb][\/et_pb_divider][\/et_pb_column][\/et_pb_row][et_pb_row column_structure=\u00bb1_2,1_6,1_6,1_6&#8243; admin_label=\u00bbrow\u00bb _builder_version=\u00bb4.24.2&#8243; background_size=\u00bbinitial\u00bb background_position=\u00bbtop_left\u00bb background_repeat=\u00bbrepeat\u00bb custom_padding=\u00bb4px|||0px||\u00bb border_color_all=\u00bb#8F8F8F\u00bb border_width_bottom=\u00bb26px\u00bb border_color_bottom=\u00bbRGBA(255,255,255,0)\u00bb locked=\u00bboff\u00bb global_colors_info=\u00bb{}\u00bb][et_pb_column type=\u00bb1_2&#8243; _builder_version=\u00bb4.16&#8243; custom_padding=\u00bb|||\u00bb global_colors_info=\u00bb{}\u00bb custom_padding__hover=\u00bb|||\u00bb][et_pb_text admin_label=\u00bbTexto\u00bb _builder_version=\u00bb4.24.2&#8243; _module_preset=\u00bbdefault\u00bb hover_enabled=\u00bb0&#8243; global_colors_info=\u00bb{}\u00bb sticky_enabled=\u00bb0&#8243;]<\/p>\n<h6 style=\"padding-left: 40px; text-align: right;\"><strong>Un proyecto en Espa\u00f1a ? <br \/>Se puede contactar directamente nuestro socio <\/strong><strong>Santos que estar\u00e1 encantado de satisfacerle !<\/strong><\/h6>\n<p>[\/et_pb_text][\/et_pb_column][et_pb_column type=\u00bb1_6&#8243; _builder_version=\u00bb4.16&#8243; custom_padding=\u00bb|||\u00bb global_colors_info=\u00bb{}\u00bb custom_padding__hover=\u00bb|||\u00bb][et_pb_image src=\u00bbhttps:\/\/www.marinefloor.fr\/wp-content\/uploads\/drapeau-espagne.jpg\u00bb align=\u00bbcenter\u00bb admin_label=\u00bbImagen\u00bb _builder_version=\u00bb4.24.2&#8243; _module_preset=\u00bbdefault\u00bb width=\u00bb50%\u00bb global_colors_info=\u00bb{}\u00bb][\/et_pb_image][\/et_pb_column][et_pb_column type=\u00bb1_6&#8243; _builder_version=\u00bb4.16&#8243; custom_padding=\u00bb|||\u00bb global_colors_info=\u00bb{}\u00bb custom_padding__hover=\u00bb|||\u00bb][et_pb_button button_url=\u00bbmailto:smg@unibis.es\u00bb button_text=\u00bbE-mail\u00bb button_alignment=\u00bbcenter\u00bb admin_label=\u00bbEmail\u00bb _builder_version=\u00bb4.24.2&#8243; _module_preset=\u00bbdefault\u00bb custom_button=\u00bbon\u00bb button_text_size=\u00bb15px\u00bb button_text_color=\u00bb#000000&#8243; button_bg_color=\u00bbRGBA(255,255,255,0)\u00bb button_border_width=\u00bb2px\u00bb button_border_color=\u00bb#189FD8&#8243; button_border_radius=\u00bb2px\u00bb button_icon=\u00bb&#xe010;||divi||400&#8243; button_icon_color=\u00bb#189FD8&#8243; button_icon_placement=\u00bbleft\u00bb button_on_hover=\u00bboff\u00bb animation_style=\u00bbslide\u00bb animation_direction=\u00bbtop\u00bb animation_duration=\u00bb1500ms\u00bb animation_delay=\u00bb50ms\u00bb locked=\u00bboff\u00bb global_colors_info=\u00bb{}\u00bb][\/et_pb_button][\/et_pb_column][et_pb_column type=\u00bb1_6&#8243; _builder_version=\u00bb4.16&#8243; custom_padding=\u00bb|||\u00bb global_colors_info=\u00bb{}\u00bb custom_padding__hover=\u00bb|||\u00bb][et_pb_button button_url=\u00bbhttps:\/\/wa.me\/0034629732207&#8243; url_new_window=\u00bbon\u00bb button_text=\u00bbWhatsapp !\u00bb _builder_version=\u00bb4.24.2&#8243; _module_preset=\u00bbdefault\u00bb custom_button=\u00bbon\u00bb button_text_size=\u00bb14px\u00bb button_text_color=\u00bb#000000&#8243; button_bg_color=\u00bbRGBA(255,255,255,0)\u00bb button_border_width=\u00bb2px\u00bb button_border_color=\u00bb#7CDA24&#8243; button_border_radius=\u00bb2px\u00bb button_icon=\u00bb&#xf232;||fa||400&#8243; button_icon_color=\u00bb#7CDA24&#8243; button_icon_placement=\u00bbleft\u00bb button_on_hover=\u00bboff\u00bb animation_style=\u00bbzoom\u00bb global_colors_info=\u00bb{}\u00bb][\/et_pb_button][\/et_pb_column][\/et_pb_row][\/et_pb_section][et_pb_section fb_built=\u00bb1&#8243; _builder_version=\u00bb4.17.0&#8243; _module_preset=\u00bbdefault\u00bb z_index=\u00bb9999&#8243; overflow-x=\u00bbvisible\u00bb overflow-y=\u00bbvisible\u00bb box_shadow_style=\u00bbpreset3&#8243; global_colors_info=\u00bb{}\u00bb][et_pb_row use_custom_gutter=\u00bbon\u00bb _builder_version=\u00bb4.16&#8243; _module_preset=\u00bbdefault\u00bb max_width=\u00bb1480px\u00bb locked=\u00bboff\u00bb global_colors_info=\u00bb{}\u00bb][et_pb_column type=\u00bb4_4&#8243; _builder_version=\u00bb4.16&#8243; _module_preset=\u00bbdefault\u00bb global_colors_info=\u00bb{}\u00bb][et_pb_text admin_label=\u00bbEtude de projet &#038; Exp\u00e9rience terrain\u00bb _builder_version=\u00bb4.23.4&#8243; _module_preset=\u00bbdefault\u00bb header_2_text_color=\u00bb#32353A\u00bb header_2_font_size=\u00bb36px\u00bb header_3_font_size=\u00bb30px\u00bb text_orientation=\u00bbjustified\u00bb animation_style=\u00bbslide\u00bb animation_direction=\u00bbtop\u00bb header_2_font_size_tablet=\u00bb32px\u00bb header_2_font_size_phone=\u00bb28px\u00bb header_2_font_size_last_edited=\u00bbon|phone\u00bb header_3_font_size_tablet=\u00bb30px\u00bb header_3_font_size_phone=\u00bb24px\u00bb header_3_font_size_last_edited=\u00bbon|desktop\u00bb global_colors_info=\u00bb{}\u00bb]<\/p>\n<h3><span style=\"color: #189fd8;\">E<\/span>studio de proyectos y experiencia de campo.<\/h3>\n<p>[\/et_pb_text][et_pb_divider divider_position=\u00bbcenter\u00bb divider_weight=\u00bb2px\u00bb divider_weight_tablet=\u00bb2px\u00bb divider_weight_phone=\u00bb2px\u00bb divider_weight_last_edited=\u00bbon|desktop\u00bb _builder_version=\u00bb4.17.3&#8243; _module_preset=\u00bbdefault\u00bb width=\u00bb670px\u00bb width_tablet=\u00bbauto\u00bb width_phone=\u00bbauto\u00bb width_last_edited=\u00bbon|desktop\u00bb module_alignment=\u00bbleft\u00bb custom_padding=\u00bb||10px||false|false\u00bb animation_style=\u00bbfade\u00bb module_alignment_tablet=\u00bbcenter\u00bb module_alignment_phone=\u00bbcenter\u00bb module_alignment_last_edited=\u00bboff|desktop\u00bb locked=\u00bboff\u00bb global_colors_info=\u00bb{}\u00bb][\/et_pb_divider][\/et_pb_column][\/et_pb_row][et_pb_row column_structure=\u00bb3_5,2_5&#8243; use_custom_gutter=\u00bbon\u00bb _builder_version=\u00bb4.16&#8243; _module_preset=\u00bbdefault\u00bb max_width=\u00bb1480px\u00bb locked=\u00bboff\u00bb global_colors_info=\u00bb{}\u00bb][et_pb_column type=\u00bb3_5&#8243; _builder_version=\u00bb4.16&#8243; _module_preset=\u00bbdefault\u00bb global_colors_info=\u00bb{}\u00bb][et_pb_text _builder_version=\u00bb4.23.4&#8243; _module_preset=\u00bbdefault\u00bb text_text_color=\u00bb#666666&#8243; text_font_size=\u00bb16px\u00bb text_orientation=\u00bbjustified\u00bb animation_style=\u00bbfade\u00bb animation_delay=\u00bb100ms\u00bb locked=\u00bboff\u00bb global_colors_info=\u00bb{}\u00bb]<\/p>\n<div class=\"page\" title=\"Page 45\">\n<div class=\"layoutArea\">\n<div class=\"column\">\n<p>Al ser el sistema de estructura flotante Marinefloor Eco-System completamente modular y adaptable gracias al cubo Eco-System, <strong>los proyectos imaginados por nuestros clientes son a menudo u\u0301nicos, a veces inesperados, con sus propias necesidades y limitaciones. La puesta en comu\u0301n de nuestras experiencias<\/strong> nos permite ofrecer nuestros <strong>servicios para el estudio de proyecto, su viabilidad, sus limitaciones te\u0301cnicas<\/strong>. Para ello nos apoyamos en ima\u0301genes de sate\u0301lite, datos meteorolo\u0301gicos, fotografi\u0301as e informacio\u0301n del cliente, estudios de antecedentes si fuera necesario, una visita de campo, etc.<\/p>\n<\/div>\n<\/div>\n<\/div>\n<p><strong>As\u00ed, estudiamos con precisi\u00f3n los componentes de cada realizacion desde todos los \u00e1ngulos necesarios:<\/strong><\/p>\n<ul>\n<li>rango de marea<\/li>\n<li>Fondeo y Amarre<\/li>\n<li>Adecuaci\u00f3n del tama\u00f1o\/uso<\/li>\n<li>Flotabilidad necesaria<\/li>\n<li>Seguridad seg\u00fan densidad y tipo de asistencia<\/li>\n<li>Posible accesorizaci\u00f3n<\/li>\n<li>Previsi\u00f3n de retiradas en caso de tormenta fuerte<\/li>\n<li>Adaptaci\u00f3n a diversas limitaciones.<\/li>\n<li>Relaciones con autoridades, expedientes administrativos, etc.<\/li>\n<\/ul>\n<div class=\"page\" title=\"Page 45\">\n<div class=\"layoutArea\">\n<div class=\"column\">\n<p>Luego realizamos al menos un <strong>modelado 2D o 3D y, si es necesario, una implementacio\u0301n en una fotografi\u0301a de sate\u0301lite<\/strong>. Si es necesario y para probar un logro muy especi\u0301fico, disponemos de <strong>una da\u0301rsena portuaria en nuestro centro de Port-Leucate<\/strong> para realizar pruebas a gran escala.<\/p>\n<p>Gracias a nuestra experiencia, hemos desarrollado, adema\u0301s de las aplicaciones tradicionales, <strong>numerosas soluciones para responder a problemas especi\u0301ficos<\/strong>. Si tienes una idea que nunca antes has visto, ha\u0301znoslo saber, \u00a1nos encantara\u0301 desarrollarla contigo!<\/p>\n<\/div>\n<\/div>\n<\/div>\n<p>[\/et_pb_text][\/et_pb_column][et_pb_column type=\u00bb2_5&#8243; _builder_version=\u00bb4.16&#8243; _module_preset=\u00bbdefault\u00bb global_colors_info=\u00bb{}\u00bb][et_pb_image src=\u00bbhttps:\/\/www.marinefloor.fr\/wp-content\/uploads\/modelisation-3D-marinefloor-bateaux-vue-du-haut.jpg\u00bb alt=\u00bbMod\u00e9lisation 3D Marinefloor &#8211; Bateaux vue du haut\u00bb title_text=\u00bbMod\u00e9lisation 3D Marinefloor &#8211; Bateaux vue du haut\u00bb show_in_lightbox=\u00bbon\u00bb align=\u00bbcenter\u00bb _builder_version=\u00bb4.17.0&#8243; _module_preset=\u00bbdefault\u00bb animation_style=\u00bbflip\u00bb box_shadow_style=\u00bbpreset1&#8243; global_colors_info=\u00bb{}\u00bb][\/et_pb_image][et_pb_image src=\u00bbhttps:\/\/www.marinefloor.fr\/wp-content\/uploads\/modelisation-3D-marine-floor-bateaux-vue-arriere.jpg\u00bb alt=\u00bbMod\u00e9lisation 3D Marinefloor &#8211; Bateaux vue arri\u00e8re\u00bb title_text=\u00bbMod\u00e9lisation 3D Marinefloor &#8211; Bateaux vue arri\u00e8re\u00bb show_in_lightbox=\u00bbon\u00bb align=\u00bbcenter\u00bb _builder_version=\u00bb4.17.0&#8243; _module_preset=\u00bbdefault\u00bb animation_style=\u00bbflip\u00bb animation_delay=\u00bb200ms\u00bb box_shadow_style=\u00bbpreset1&#8243; global_colors_info=\u00bb{}\u00bb][\/et_pb_image][\/et_pb_column][\/et_pb_row][\/et_pb_section][et_pb_section fb_built=\u00bb1&#8243; _builder_version=\u00bb4.17.0&#8243; _module_preset=\u00bbdefault\u00bb z_index=\u00bb999&#8243; overflow-x=\u00bbvisible\u00bb overflow-y=\u00bbvisible\u00bb box_shadow_style=\u00bbpreset3&#8243; locked=\u00bboff\u00bb global_colors_info=\u00bb{}\u00bb][et_pb_row use_custom_gutter=\u00bbon\u00bb _builder_version=\u00bb4.16&#8243; _module_preset=\u00bbdefault\u00bb max_width=\u00bb1480px\u00bb locked=\u00bboff\u00bb global_colors_info=\u00bb{}\u00bb][et_pb_column type=\u00bb4_4&#8243; _builder_version=\u00bb4.16&#8243; _module_preset=\u00bbdefault\u00bb global_colors_info=\u00bb{}\u00bb][et_pb_text admin_label=\u00bbLogistique\u00bb _builder_version=\u00bb4.23.4&#8243; _module_preset=\u00bbdefault\u00bb header_2_text_color=\u00bb#32353A\u00bb header_2_font_size=\u00bb30px\u00bb header_3_font_size=\u00bb25px\u00bb text_orientation=\u00bbjustified\u00bb custom_padding=\u00bb0px|||||\u00bb animation_style=\u00bbslide\u00bb animation_direction=\u00bbtop\u00bb header_2_font_size_tablet=\u00bb30px\u00bb header_2_font_size_phone=\u00bb24px\u00bb header_2_font_size_last_edited=\u00bbon|desktop\u00bb header_3_font_size_tablet=\u00bb25px\u00bb header_3_font_size_phone=\u00bb20px\u00bb header_3_font_size_last_edited=\u00bbon|desktop\u00bb global_colors_info=\u00bb{}\u00bb]<\/p>\n<h2><span style=\"color: #189fd8;\">L<\/span>og\u00edstica<\/h2>\n<p>[\/et_pb_text][et_pb_divider divider_position=\u00bbcenter\u00bb divider_weight=\u00bb2px\u00bb divider_weight_tablet=\u00bb2px\u00bb divider_weight_phone=\u00bb2px\u00bb divider_weight_last_edited=\u00bbon|desktop\u00bb _builder_version=\u00bb4.17.3&#8243; _module_preset=\u00bbdefault\u00bb width=\u00bb670px\u00bb width_tablet=\u00bbauto\u00bb width_phone=\u00bbauto\u00bb width_last_edited=\u00bbon|desktop\u00bb module_alignment=\u00bbleft\u00bb custom_padding=\u00bb||10px||false|false\u00bb animation_style=\u00bbfade\u00bb module_alignment_tablet=\u00bbcenter\u00bb module_alignment_phone=\u00bbcenter\u00bb module_alignment_last_edited=\u00bboff|desktop\u00bb locked=\u00bboff\u00bb global_colors_info=\u00bb{}\u00bb][\/et_pb_divider][\/et_pb_column][\/et_pb_row][et_pb_row column_structure=\u00bb1_2,1_2&#8243; use_custom_gutter=\u00bbon\u00bb make_equal=\u00bbon\u00bb _builder_version=\u00bb4.17.0&#8243; _module_preset=\u00bbdefault\u00bb max_width=\u00bb1480px\u00bb global_colors_info=\u00bb{}\u00bb][et_pb_column type=\u00bb1_2&#8243; _builder_version=\u00bb4.16&#8243; _module_preset=\u00bbdefault\u00bb global_colors_info=\u00bb{}\u00bb][et_pb_text _builder_version=\u00bb4.23.4&#8243; _module_preset=\u00bbdefault\u00bb text_text_color=\u00bb#666666&#8243; text_font_size=\u00bb16px\u00bb text_orientation=\u00bbjustified\u00bb animation_style=\u00bbfade\u00bb animation_delay=\u00bb100ms\u00bb locked=\u00bboff\u00bb global_colors_info=\u00bb{}\u00bb]<\/p>\n<div class=\"page\" title=\"Page 45\">\n<div class=\"layoutArea\">\n<div class=\"column\">\n<p>Garantizamos una <strong>gestio\u0301n completa de las entregas de nuestras estructuras<\/strong>, incluida la descarga y el suministro organizado para un fa\u0301cil montaje (en caso de montaje sin nuestros equipos).<\/p>\n<p>Tambie\u0301n realizamos una visita (virtual o presencial) para optimizar la organizacio\u0301n logi\u0301stica.<\/p>\n<\/div>\n<\/div>\n<\/div>\n<div class=\"page\" title=\"Page 46\">\n<div class=\"layoutArea\">\n<div class=\"column\">\n<p>Realizamos la entrega segu\u0301n las necesidades en remolque de plataforma, en semirremolque o en contenedores.<\/p>\n<\/div>\n<\/div>\n<\/div>\n<p>[\/et_pb_text][\/et_pb_column][et_pb_column type=\u00bb1_2&#8243; _builder_version=\u00bb4.16&#8243; _module_preset=\u00bbdefault\u00bb global_colors_info=\u00bb{}\u00bb][et_pb_image src=\u00bbhttps:\/\/www.marinefloor.fr\/wp-content\/uploads\/marinefloor_logistique-1-e1664288891402.jpg\u00bb alt=\u00bbMod\u00e9lisation 3D Marinefloor &#8211; Bateaux vue arri\u00e8re\u00bb title_text=\u00bbmarinefloor_logistique\u00bb show_in_lightbox=\u00bbon\u00bb align=\u00bbcenter\u00bb _builder_version=\u00bb4.18.0&#8243; _module_preset=\u00bbdefault\u00bb min_height=\u00bb501px\u00bb animation_style=\u00bbflip\u00bb animation_delay=\u00bb200ms\u00bb box_shadow_style=\u00bbpreset1&#8243; global_colors_info=\u00bb{}\u00bb][\/et_pb_image][\/et_pb_column][\/et_pb_row][\/et_pb_section][et_pb_section fb_built=\u00bb1&#8243; _builder_version=\u00bb4.17.0&#8243; _module_preset=\u00bbdefault\u00bb z_index=\u00bb99&#8243; overflow-x=\u00bbvisible\u00bb overflow-y=\u00bbvisible\u00bb box_shadow_style=\u00bbpreset3&#8243; locked=\u00bboff\u00bb global_colors_info=\u00bb{}\u00bb][et_pb_row use_custom_gutter=\u00bbon\u00bb make_equal=\u00bbon\u00bb _builder_version=\u00bb4.17.0&#8243; _module_preset=\u00bbdefault\u00bb max_width=\u00bb1480px\u00bb locked=\u00bboff\u00bb global_colors_info=\u00bb{}\u00bb][et_pb_column type=\u00bb4_4&#8243; _builder_version=\u00bb4.16&#8243; _module_preset=\u00bbdefault\u00bb global_colors_info=\u00bb{}\u00bb][et_pb_text admin_label=\u00bbInstallation \/ Formation\u00bb _builder_version=\u00bb4.23.4&#8243; _module_preset=\u00bbdefault\u00bb header_2_text_color=\u00bb#32353A\u00bb header_2_font_size=\u00bb30px\u00bb header_3_font_size=\u00bb25px\u00bb text_orientation=\u00bbjustified\u00bb animation_style=\u00bbslide\u00bb animation_direction=\u00bbtop\u00bb header_2_font_size_tablet=\u00bb30px\u00bb header_2_font_size_phone=\u00bb24px\u00bb header_2_font_size_last_edited=\u00bbon|desktop\u00bb header_3_font_size_tablet=\u00bb25px\u00bb header_3_font_size_phone=\u00bb20px\u00bb header_3_font_size_last_edited=\u00bbon|desktop\u00bb global_colors_info=\u00bb{}\u00bb]<\/p>\n<h2><span style=\"color: #189fd8;\">I<\/span>nstalaci\u00f3n \/ <span style=\"color: #189fd8;\">C<\/span>apacitaci\u00f3n<\/h2>\n<p>[\/et_pb_text][et_pb_divider divider_position=\u00bbcenter\u00bb divider_weight=\u00bb2px\u00bb divider_weight_tablet=\u00bb2px\u00bb divider_weight_phone=\u00bb2px\u00bb divider_weight_last_edited=\u00bbon|desktop\u00bb _builder_version=\u00bb4.17.3&#8243; _module_preset=\u00bbdefault\u00bb width=\u00bb670px\u00bb width_tablet=\u00bbauto\u00bb width_phone=\u00bbauto\u00bb width_last_edited=\u00bbon|desktop\u00bb module_alignment=\u00bbleft\u00bb custom_padding=\u00bb||10px||false|false\u00bb animation_style=\u00bbfade\u00bb module_alignment_tablet=\u00bbcenter\u00bb module_alignment_phone=\u00bbcenter\u00bb module_alignment_last_edited=\u00bboff|desktop\u00bb locked=\u00bboff\u00bb global_colors_info=\u00bb{}\u00bb][\/et_pb_divider][\/et_pb_column][\/et_pb_row][et_pb_row column_structure=\u00bb1_2,1_2&#8243; use_custom_gutter=\u00bbon\u00bb make_equal=\u00bbon\u00bb _builder_version=\u00bb4.17.0&#8243; _module_preset=\u00bbdefault\u00bb max_width=\u00bb1480px\u00bb locked=\u00bboff\u00bb global_colors_info=\u00bb{}\u00bb][et_pb_column type=\u00bb1_2&#8243; _builder_version=\u00bb4.16&#8243; _module_preset=\u00bbdefault\u00bb global_colors_info=\u00bb{}\u00bb][et_pb_text _builder_version=\u00bb4.23.4&#8243; _module_preset=\u00bbdefault\u00bb text_text_color=\u00bb#666666&#8243; text_font_size=\u00bb16px\u00bb text_orientation=\u00bbjustified\u00bb animation_style=\u00bbfade\u00bb animation_delay=\u00bb100ms\u00bb locked=\u00bboff\u00bb global_colors_info=\u00bb{}\u00bb]<\/p>\n<p>Son posibles varios escenarios con respecto a la instalacio\u0301n.<\/p>\n<ul>\n<li><strong>Alquiler sin instalacio\u0301n<\/strong>: la estructura es pequen\u0303a y\/o sus equipos esta\u0301n capacitados en el producto o en trabajos na\u0301uticos.<\/li>\n<li><strong>Alquiler con Instalacio\u0301n<\/strong>: nuestro equipo se encarga de todo, bajo peticio\u0301n, para una instalacio\u0301n llave en mano.<\/li>\n<\/ul>\n<div class=\"page\" title=\"Page 46\">\n<div class=\"layoutArea\">\n<div class=\"column\">\n<p><strong>Cualquiera que sea la situacio\u0301n, proporcionamos instrucciones de montaje y los planos necesarios<\/strong>. Si lo desea, tambie\u0301n formamos al personal presente durante la obra en el manejo del producto para una mayor autonomi\u0301a en caso de instalacio\u0301n.<\/p>\n<p>Nuestros equipos tienen muchos an\u0303os de experiencia en la manipulacio\u0301n y montaje de estructuras flotantes modulares basadas en cubos EcoSystem\u00ae y por tanto garantizan una <strong>perfecta ejecucio\u0301n en un tiempo re\u0301cord.<\/strong><\/p>\n<\/div>\n<\/div>\n<\/div>\n<p>[\/et_pb_text][\/et_pb_column][et_pb_column type=\u00bb1_2&#8243; _builder_version=\u00bb4.16&#8243; _module_preset=\u00bbdefault\u00bb global_colors_info=\u00bb{}\u00bb][et_pb_image src=\u00bbhttps:\/\/www.marinefloor.fr\/wp-content\/uploads\/DSCF6293-light.jpeg\u00bb alt=\u00bbInstallation Marinefloor\u00bb title_text=\u00bbDSCF6293 &#8211; light\u00bb show_in_lightbox=\u00bbon\u00bb align=\u00bbcenter\u00bb admin_label=\u00bbImage\u00bb _builder_version=\u00bb4.17.6&#8243; _module_preset=\u00bbdefault\u00bb animation_style=\u00bbflip\u00bb box_shadow_style=\u00bbpreset1&#8243; locked=\u00bboff\u00bb global_colors_info=\u00bb{}\u00bb][\/et_pb_image][\/et_pb_column][\/et_pb_row][\/et_pb_section][et_pb_section fb_built=\u00bb1&#8243; _builder_version=\u00bb4.17.0&#8243; _module_preset=\u00bbdefault\u00bb z_index=\u00bb9&#8243; overflow-x=\u00bbvisible\u00bb overflow-y=\u00bbvisible\u00bb box_shadow_style=\u00bbpreset3&#8243; locked=\u00bboff\u00bb global_colors_info=\u00bb{}\u00bb][et_pb_row use_custom_gutter=\u00bbon\u00bb make_equal=\u00bbon\u00bb _builder_version=\u00bb4.17.0&#8243; _module_preset=\u00bbdefault\u00bb max_width=\u00bb1480px\u00bb locked=\u00bboff\u00bb global_colors_info=\u00bb{}\u00bb][et_pb_column type=\u00bb4_4&#8243; _builder_version=\u00bb4.16&#8243; _module_preset=\u00bbdefault\u00bb global_colors_info=\u00bb{}\u00bb][et_pb_text admin_label=\u00bbService Clef en Main\u00bb _builder_version=\u00bb4.23.4&#8243; _module_preset=\u00bbdefault\u00bb header_2_text_color=\u00bb#32353A\u00bb header_2_font_size=\u00bb30px\u00bb header_3_font_size=\u00bb25px\u00bb text_orientation=\u00bbjustified\u00bb animation_style=\u00bbslide\u00bb animation_direction=\u00bbtop\u00bb header_2_font_size_tablet=\u00bb30px\u00bb header_2_font_size_phone=\u00bb24px\u00bb header_2_font_size_last_edited=\u00bbon|desktop\u00bb header_3_font_size_tablet=\u00bb25px\u00bb header_3_font_size_phone=\u00bb20px\u00bb header_3_font_size_last_edited=\u00bbon|desktop\u00bb global_colors_info=\u00bb{}\u00bb]<\/p>\n<h2><span style=\"color: #189fd8;\">S<\/span>ervicio llave en mano<\/h2>\n<p>[\/et_pb_text][et_pb_divider divider_position=\u00bbcenter\u00bb divider_weight=\u00bb2px\u00bb divider_weight_tablet=\u00bb2px\u00bb divider_weight_phone=\u00bb2px\u00bb divider_weight_last_edited=\u00bbon|desktop\u00bb _builder_version=\u00bb4.17.3&#8243; _module_preset=\u00bbdefault\u00bb width=\u00bb670px\u00bb width_tablet=\u00bbauto\u00bb width_phone=\u00bbauto\u00bb width_last_edited=\u00bbon|desktop\u00bb module_alignment=\u00bbleft\u00bb custom_padding=\u00bb||10px||false|false\u00bb animation_style=\u00bbfade\u00bb module_alignment_tablet=\u00bbcenter\u00bb module_alignment_phone=\u00bbcenter\u00bb module_alignment_last_edited=\u00bboff|desktop\u00bb locked=\u00bboff\u00bb global_colors_info=\u00bb{}\u00bb][\/et_pb_divider][\/et_pb_column][\/et_pb_row][et_pb_row column_structure=\u00bb1_2,1_2&#8243; use_custom_gutter=\u00bbon\u00bb make_equal=\u00bbon\u00bb _builder_version=\u00bb4.17.0&#8243; _module_preset=\u00bbdefault\u00bb max_width=\u00bb1480px\u00bb global_colors_info=\u00bb{}\u00bb][et_pb_column type=\u00bb1_2&#8243; _builder_version=\u00bb4.17.0&#8243; _module_preset=\u00bbdefault\u00bb global_colors_info=\u00bb{}\u00bb][et_pb_text _builder_version=\u00bb4.23.4&#8243; _module_preset=\u00bbdefault\u00bb text_font_size=\u00bb16px\u00bb text_orientation=\u00bbjustified\u00bb global_colors_info=\u00bb{}\u00bb]<\/p>\n<p>Nuestro servicio de alquiler puede ser \u201cllave en mano\u201d.<\/p>\n<p>En este caso nos encargamos de todo tu proyecto:<\/p>\n<div class=\"page\" title=\"Page 46\">\n<div class=\"layoutArea\">\n<div class=\"column\">\n<ul>\n<li>Estudio de implementacio\u0301n<\/li>\n<li>Solicitud de posibles autorizaciones<\/li>\n<li>Entrega<\/li>\n<li>Montaje<\/li>\n<li>Seguridad<\/li>\n<li>Gestio\u0301n de equipos (opcional para eventos de corta duracio\u0301n)<\/li>\n<li>Desmontaje<\/li>\n<\/ul>\n<\/div>\n<\/div>\n<\/div>\n<p>[\/et_pb_text][\/et_pb_column][et_pb_column type=\u00bb1_2&#8243; _builder_version=\u00bb4.17.0&#8243; _module_preset=\u00bbdefault\u00bb global_colors_info=\u00bb{}\u00bb][et_pb_image src=\u00bbhttps:\/\/www.marinefloor.fr\/wp-content\/uploads\/installation-marinefloor.jpg\u00bb alt=\u00bbInstallation Marinefloor\u00bb title_text=\u00bbInstallation Marinefloor\u00bb show_in_lightbox=\u00bbon\u00bb _builder_version=\u00bb4.17.0&#8243; _module_preset=\u00bbdefault\u00bb animation_style=\u00bbflip\u00bb box_shadow_style=\u00bbpreset1&#8243; global_colors_info=\u00bb{}\u00bb][\/et_pb_image][\/et_pb_column][\/et_pb_row][\/et_pb_section][et_pb_section fb_built=\u00bb1&#8243; _builder_version=\u00bb4.17.0&#8243; _module_preset=\u00bbdefault\u00bb z_index=\u00bb5&#8243; overflow-x=\u00bbvisible\u00bb overflow-y=\u00bbvisible\u00bb locked=\u00bboff\u00bb global_colors_info=\u00bb{}\u00bb][et_pb_row use_custom_gutter=\u00bbon\u00bb make_equal=\u00bbon\u00bb _builder_version=\u00bb4.17.0&#8243; _module_preset=\u00bbdefault\u00bb max_width=\u00bb1480px\u00bb locked=\u00bboff\u00bb global_colors_info=\u00bb{}\u00bb][et_pb_column type=\u00bb4_4&#8243; _builder_version=\u00bb4.16&#8243; _module_preset=\u00bbdefault\u00bb global_colors_info=\u00bb{}\u00bb][et_pb_text admin_label=\u00bbR\u00e9f\u00e9rences\u00bb _builder_version=\u00bb4.23.4&#8243; _module_preset=\u00bbdefault\u00bb header_2_text_color=\u00bb#32353A\u00bb header_2_font_size=\u00bb30px\u00bb header_3_font_size=\u00bb25px\u00bb text_orientation=\u00bbjustified\u00bb animation_style=\u00bbslide\u00bb animation_direction=\u00bbtop\u00bb header_2_font_size_tablet=\u00bb30px\u00bb header_2_font_size_phone=\u00bb24px\u00bb header_2_font_size_last_edited=\u00bbon|desktop\u00bb header_3_font_size_tablet=\u00bb25px\u00bb header_3_font_size_phone=\u00bb20px\u00bb header_3_font_size_last_edited=\u00bbon|desktop\u00bb global_colors_info=\u00bb{}\u00bb]<\/p>\n<h2><span style=\"color: #189fd8;\">R<\/span>eferencias\u200b<\/h2>\n<p>[\/et_pb_text][et_pb_divider divider_position=\u00bbcenter\u00bb divider_weight=\u00bb2px\u00bb divider_weight_tablet=\u00bb2px\u00bb divider_weight_phone=\u00bb2px\u00bb divider_weight_last_edited=\u00bbon|desktop\u00bb _builder_version=\u00bb4.16&#8243; _module_preset=\u00bbdefault\u00bb width=\u00bb670px\u00bb width_last_edited=\u00bboff|desktop\u00bb module_alignment=\u00bbleft\u00bb custom_padding=\u00bb||10px||false|false\u00bb animation_style=\u00bbfade\u00bb module_alignment_tablet=\u00bbcenter\u00bb module_alignment_phone=\u00bbcenter\u00bb module_alignment_last_edited=\u00bbon|tablet\u00bb locked=\u00bboff\u00bb global_colors_info=\u00bb{}\u00bb][\/et_pb_divider][et_pb_text _builder_version=\u00bb4.23.4&#8243; _module_preset=\u00bbdefault\u00bb text_font_size=\u00bb16px\u00bb text_orientation=\u00bbjustified\u00bb global_colors_info=\u00bb{}\u00bb]<\/p>\n<div class=\"page\" title=\"Page 46\">\n<div class=\"layoutArea\">\n<div class=\"column\">\n<p>Encuentra nuestros proyectos de alquiler por an\u0303o.<\/p>\n<p>Esta lista no es exhaustiva y no incluye las realizaciones de nuestros socios franceses y europeos.<\/p>\n<\/div>\n<\/div>\n<\/div>\n<p>[\/et_pb_text][\/et_pb_column][\/et_pb_row][et_pb_row use_custom_gutter=\u00bbon\u00bb make_equal=\u00bbon\u00bb _builder_version=\u00bb4.17.0&#8243; _module_preset=\u00bbdefault\u00bb max_width=\u00bb1480px\u00bb saved_tabs=\u00bball\u00bb global_colors_info=\u00bb{}\u00bb][et_pb_column type=\u00bb4_4&#8243; _builder_version=\u00bb4.17.0&#8243; _module_preset=\u00bbdefault\u00bb global_colors_info=\u00bb{}\u00bb][et_pb_tabs active_tab_background_color=\u00bb#189FD8&#8243; active_tab_text_color=\u00bb#FFFFFF\u00bb _builder_version=\u00bb4.23.4&#8243; _module_preset=\u00bbdefault\u00bb tab_text_color=\u00bb#189FD8&#8243; custom_padding=\u00bb|||30px||\u00bb global_colors_info=\u00bb{}\u00bb][et_pb_tab title=\u00bb2007&#8243; _builder_version=\u00bb4.17.0&#8243; _module_preset=\u00bbdefault\u00bb global_colors_info=\u00bb{}\u00bb]Aix les Bains : Salon nautique \u2013 Mars 2007<br \/>\nBelle Ile en Mer : Trophe\u0301e BPE \u2013 Mars 2007<br \/>\nCancale : Salon Pe\u0302che Plaisance \u2013 Avril 2007<br \/>\nHollande : Zandvoort \u2013 Championnat d\u2019Europe Jet Ski \u2013 Juillet 07<br \/>\nBelgique : Climax  \u2013 Tournage film \u00ab Mister Nobody \u00bb \u2013 Juillet 07<br \/>\nParis : Eurodisney \u2013 Championnat d\u2019Europe de jet ski \u2013 Septembre 2007[\/et_pb_tab][et_pb_tab title=\u00bb2008&#8243; _builder_version=\u00bb4.17.0&#8243; _module_preset=\u00bbdefault\u00bb global_colors_info=\u00bb{}\u00bb]Belgique : Santa Claus Prod : Tournage film \u00ab The Esen Affair \u00bb Fe\u0301vrier 2008<br \/>\nItalie : Venise \u2013 Salon nautique Ponton + base bateau Mars 2008<br \/>\nFrance : Cancale \u2013 Salon Pe\u0302che Plaisance, Avril 2008<br \/>\nFrance : Strategic Event \u2013 Infrastructure Pa\u0302ques Boat \u2013 Avril 2008<br \/>\nFrance : Ville de Saint-Nazaire- Trophe\u0301e SNSM- Juin 2008 (suivi d\u2019un achat)<br \/>\nFrance : Saint-Jean de Losne-Championnat Canoe\u0308\/Kayak Marathon \u2013 Octobre 2008<br \/>\nFrance : La Rochelle \u2013 Grand Pavois Ponton port + plage \u2013 Septembre 2008<br \/>\nFrance : Valence \u2013 Podium flottant sur piscine- Spectacle et de\u0301file\u0301 \u2013 octobre 2008<br \/>\nBelgique : Anvers Tournage de film \u2013 toiture flottante maison inonde\u0301e \u2013 Octobre 2008[\/et_pb_tab][et_pb_tab title=\u00bb2009&#8243; _builder_version=\u00bb4.17.0&#8243; _module_preset=\u00bbdefault\u00bb global_colors_info=\u00bb{}\u00bb]Venise : Salon nautique Ponton + base bateau mars 09<br \/>\nFrance : Leucate Mondial du Vent \u2013 Ponton mer + pont \u2013 avril 09<br \/>\nFrance : Tignes \u2013 Golf flottant \u2013 juillet 2009<br \/>\nFrance : Dijon \u2013 Championnat de France canoe\u0308\/Kayak \u2013 juillet 09<br \/>\nFrance : Orle\u0301ans \u2013 Fe\u0302tes de la Loire \u2013 septembre 2009<br \/>\nFrance : La Rochelle \u2013 Grand Pavois Ponton plage \u2013 septembre 2009[\/et_pb_tab][et_pb_tab title=\u00bb2010&#8243; _builder_version=\u00bb4.17.0&#8243; _module_preset=\u00bbdefault\u00bb global_colors_info=\u00bb{}\u00bb]France : Leucate Mondial du Vent \u2013 Ponton mer + pont \u2013 avril 2010<br \/>\nFrance : Fre\u0301jus \u2013 Expobeach Ponton mer avril 10<br \/>\nFrance : Montpellier \u2013 FISE \u2013 pont + support d\u2019obstacle mai 2010<br \/>\nFrance : Dunkerque Ponton de de\u0301part du Triathlon mai 2010<br \/>\nFrance : Ville de Bordeaux \u2013 Piscine flottante sur le lac juillet\/aou\u0302t 2010<br \/>\nFrance : Martigues- Fe\u0302tes ve\u0301nitiennes juillet 2010<br \/>\nFrance : Nantes \u2013 Ile du He\u0301ron- Pont flottant de 150mx 2m \u2013 juillet\/aou\u0302t\/sept 2010<br \/>\nFrance : Paris \u2013 Triathlon sur la Seine \u2013 juillet 2010 \u2013 500 m2<br \/>\nItalie : Lac d\u2019Auronzo \u2013 Championnat du monde de F1 bateau \u2013 aou\u0302t 2010<br \/>\nFrance : Tours \u2013 Triathlon sur le Cher \u2013 aou\u0302t 2010<br \/>\nFrance : Arde\u0300che \u2013 Pont flottant pour fe\u0302te des jeunes agriculteurs. Septembre 2010<br \/>\nFrance : La Rochelle \u2013 Grand Pavois Ponton plage \u2013 septembre 2010<br \/>\nFrance : Fre\u0301jus \u2013 Le Roc d\u2019Azur \u2013 octobre 2010[\/et_pb_tab][et_pb_tab title=\u00bb2011&#8243; _builder_version=\u00bb4.17.0&#8243; _module_preset=\u00bbdefault\u00bb global_colors_info=\u00bb{}\u00bb]France : Expobeach \u2013 Ponton mer \u2013 Avril 2011<br \/>\nFrance : Port-Camargue \u2013 Les Nautiques \u2013 Ponton \u2013 Avril 2011<br \/>\nFrance : Leucate Mondial du Vent \u2013 Ponton mer + pont \u2013 Avril 2011<br \/>\nFrance : Tout Angers bouge \u2013 Ponton \u2013 Mai 201<br \/>\nFrance : Montpelier \u2013 FISE \u2013 Ponton \u2013 Mai 2011<br \/>\nFrance : Feux de Chantilly \u2013 Ponton \u2013 Juin 2011<br \/>\nFrance : Millau \u2013 Natural Games \u2013 Pont \u2013 juin a\u0300 septembre 2011<br \/>\nFrance : Ville de Bordeaux \u2013 Piscine flottante sur le lac juillet\/aou\u0302t 2011<br \/>\nFrance : Bobigny \u2013 Pontons \u2013 juillet\/aou\u0302t 2011<br \/>\nItalie : Lac d\u2019Auronzo \u2013 Championnat du monde de F1 bateau \u2013 aou\u0302t 2011<br \/>\nFrance : La Rochelle \u2013 Grand Pavois \u2013 Ponton mer + Port \u2013 septembre 2011<br \/>\nFrance : Orle\u0301ans \u2013 Les Fe\u0302tes de Loire \u2013 Ponton \u2013 septembre 2011<br \/>\nFrance : Fre\u0301jus \u2013 Roc d\u2019Azur \u2013 Ponts flottants \u2013 octobre 2011[\/et_pb_tab][et_pb_tab title=\u00bb2012&#8243; _builder_version=\u00bb4.17.0&#8243; _module_preset=\u00bbdefault\u00bb global_colors_info=\u00bb{}\u00bb]France : Chartres \u2013 Championnat d\u2019Europe de natation \u2013 Novembre 2012<br \/>\nFrance : Le Cap d\u2019Agde \u2013 Salon Nautique d\u2019Automne \u2013 Octobre\/Novembre 2012<br \/>\nFrance : Fre\u0301jus \u2013 Roc d\u2019Azur \u2013 Octobre 2012<br \/>\nFrance : La Rochelle \u2013 Grand-Pavois \u2013 Septembre 2012<br \/>\nFrance : Rambouillet \u2013 Tournage de film \u2013 Septembre 2012<br \/>\nFrance : Marckolsheim \u2013 Fe\u0302tes du Rhin \u2013 Septembre 2012<br \/>\nFrance : Bordeaux \u2013 Espace piscine de Bordeaux Lac \u2013 Juillet\/aou\u0302t 2012<br \/>\nFrance : Orle\u0301ans \u2013 Fe\u0302tes des Duits \u2013 Aou\u0302t 2012<br \/>\nFrance : Bobigny \u2013 Parc de la Berge\u0300re \u2013 Juillet\/aou\u0302t 2012<br \/>\nFrance : Saint-Jean de la Ruelle \u2013 Feux d\u2019artifice du 14 juillet<br \/>\nFrance : Eysines \u2013 Raid des marai\u0302chers \u2013 Juin 2012<br \/>\nFrance : Angers \u2013 Tout Angers bouge \u2013 Mai 2012<br \/>\nFrance : Leucate \u2013 Mondial du Vent \u2013 Avril 2012<br \/>\nFrance : Enghien les Bains \u2013 BTP- Janvier\/avril 2012[\/et_pb_tab][et_pb_tab title=\u00bb2013&#8243; _builder_version=\u00bb4.17.0&#8243; _module_preset=\u00bbdefault\u00bb global_colors_info=\u00bb{}\u00bb]France : Dijon \u2013 Championnat de France de natation en petit bassin \u2013 De\u0301cembre 2013<br \/>\nFrance : Cap d\u2019Agde \u2013 Structure du salon nautique d\u2019Automne \u2013 Novembre 2013<br \/>\nFrance : Le Havre \u2013 ponton de de\u0301part pour la Transat Jacques Vabre \u2013 Novembre 2013<br \/>\nFrance : Fre\u0301jus \u2013 Roc d\u2019Azur \u2013 4 ponts flottants de franchissement \u2013 Octobre 2013<br \/>\nFrance : Monaco Yacht-Show 2013 \u2013 ponton pour sous-marin \u2013 Septembre 2013<br \/>\nFrance : La Rochelle \u2013 Grand-Pavois \u2013 Septembre 2013<br \/>\nFrance : Istres \u2013 journe\u0301e sportive et fe\u0302te nautique \u2013 Septembre 2013<br \/>\nFrance : Orle\u0301ans \u2013 Les Fe\u0302tes de Loire \u2013 Septembre 2013<br \/>\nFrance : Olivet \u2013 la fe\u0302te du Pont \u2013 ponton nautique \u2013 Septembre 2013<br \/>\nFrance : Castelnaud la Chapelle \u2013 Marathon de Canoe\u0308\/Kayak \u2013 Septembre 2013<br \/>\nFrance : Cha\u0302teau de Maintenon \u2013 ponton pour croisie\u0300res en bateaux e\u0301lectriques \u2013 Septembre 2013<br \/>\nFrance : Rambouillet \u2013 Tournage de film \u2013 Septembre 2013<br \/>\nFrance : Port-Leucate \u2013 Feux d\u2019artifice \u2013 Aou\u0302t 2013<br \/>\nFrance : Orle\u0301ans \u2013 Fe\u0302tes des Duits \u2013 Aou\u0302t 2013<br \/>\nFrance : Toulouse \u2013 Feux d\u2019artifice du 14 juillet<br \/>\nFrance : Villabe\u0301 \u2013 BTP \u2013 Juin-juillet 2013<br \/>\nFrance : Canet en Roussillon \u2013 Championnat de France de natation en eau libre \u2013 Juin 2013<br \/>\nFrance : Vitrolles \u2013 Festa De la Mar \u2013 Juin 2013<br \/>\nFrance : Lectoure \u2013 Ponton pour base nautique \u2013 Juin-Septembre 2013<br \/>\nFrance : Bastia \u2013 Tour de France \u2013 Juin 2013<br \/>\nFrance : Angers \u2013 Tout Angers bouge \u2013 Mai 2013<br \/>\nFrance : Dunkerque \u2013 Triathlon \u2013 Mai 2013<br \/>\nFrance : Vierzon \u2013 Triathlon \u2013 Mai 2013<br \/>\nFrance : Carces \u2013 BTP \u2013 Mai 2013<br \/>\nFrance : Lyon \u2013 BTP- Avril 2013-Aou\u0302t 2013<br \/>\nFrance : Leucate \u2013 Mondial du Vent \u2013 Avril 2013<br \/>\nFrance : Port- Camargue \u2013 Salon nautique \u2013 Mars 2013<br \/>\nFrance : La Ciotat \u2013 Salon nautique \u2013 Mars 2013<br \/>\nFrance : Labenne \u2013 BTP \u2013 Mars \u2013 Mai 2013[\/et_pb_tab][et_pb_tab title=\u00bb2014&#8243; _builder_version=\u00bb4.17.0&#8243; _module_preset=\u00bbdefault\u00bb global_colors_info=\u00bb{}\u00bb]France : La Route du Rhum \u2013 Saint Malo \u2013 Octobre\/Novembre 2014<br \/>\nFrance : Salon du Crouesty \u2013 Octobre\/Novembre 2014<br \/>\nFrance : Salon Nautique du Cap d\u2019Agde \u2013 Octobre\/Novembre 2014<br \/>\nFrance : Orle\u0301ans \u2013 Fe\u0302te des Duits \u2013 Aou\u0302t 2014<br \/>\nEspagne : Alicante \u2013 Cine\u0301ma flottant \u2013 Aou\u0302t 2014<br \/>\nFrance : Toulouse \u2013 Feux d\u2019artifice du 14 juillet \u2013 juillet 2014<br \/>\nFrance : Tours \u2013 Festival Rayons frais \u2013 Juillet 2014<br \/>\nFrance : Saumur \u2013 Fe\u0302te du ve\u0301lo \u2013 Juin 2014<br \/>\nFrance : Angers \u2013 Tout Angers bouge \u2013 Juin 2014<br \/>\nFrance : Vierzon \u2013 Triathlon de Vierzon \u2013 Mai 2014<br \/>\nFrance : Dunkerque \u2013 Triathlon \u2013 Mai 2014<br \/>\nFrance : Montpellier \u2013 FISE \u2013 Mai 2014<br \/>\nFrance : Pont d\u2019Ise\u0300re \u2013 Chantier BTP \u2013 Mai 2014\/Octobre 2014<br \/>\nFrance : Ache\u0300res \u2013 Waterworld \u2013 Mai 2014<br \/>\nFrance : Port-Leucate \u2013 Mondial du Vent \u2013 Mai 2014<br \/>\nFrance : Port-Camargue \u2013 Les nautiques \u2013 Avril 2014[\/et_pb_tab][et_pb_tab title=\u00bb2015&#8243; _builder_version=\u00bb4.17.0&#8243; _module_preset=\u00bbdefault\u00bb global_colors_info=\u00bb{}\u00bb]Belgique : Cross the River \u2013 Novembre 2015<br \/>\nFrance : Salon du Crouesty \u2013 Octobre\/Novembre 2015<br \/>\nFrance : Salon Nautique du Cap d\u2019Agde \u2013 Octobre\/Novembre 2015<br \/>\nFrance : La Rochelle \u2013 Grand Pavois \u2013 Septembre 2015<br \/>\nFrance : Orle\u0301ans \u2013 Festival de Loire \u2013 Septembre 2015<br \/>\nFrance : Se\u0300te \u2013 Joutes nautiques \u2013 Aou\u0302t 2015<br \/>\nFrance : Saint Malo \u2013 Tour de Bretagne a\u0300 la voile \u2013 Aou\u0302t 2015<br \/>\nFrance : Orle\u0301ans \u2013 Fe\u0302te des Duits \u2013 Aou\u0302t 2015<br \/>\nFrance : Toulouse \u2013 Feux d\u2019artifice du 14 juillet \u2013 Juillet 2015<br \/>\nFrance : Disney Land Paris \u2013 BTP \u2013 Juillet 2015<br \/>\nFrance : Cha\u0302teauroux \u2013 Pont \u2013 Juillet 2015<br \/>\nFrance : Toulouse \u2013 Feux d\u2019artifice du 14 juillet \u2013 juillet 2015<br \/>\nFrance : Chantilly \u2013 Pre\u0301sentation de la Renault Talisman \u2013 Juillet 2015<br \/>\nFrance : Saint-Affrique \u2013 Pont \u2013 Juin 2015<br \/>\nFrance : Angers \u2013 Tout Angers bouge \u2013 Juin 2015<br \/>\nFrance : Dunkerque \u2013 Triathlon \u2013 Juin 2015<br \/>\nFrance : Saumur \u2013 Fe\u0302te du ve\u0301lo \u2013 Juin 2015<br \/>\nFrance : Valence \u2013 Triathlon \u2013 Mai 2015<br \/>\nFrance : Sillans La Cascade \u2013 Pont \u2013 Mai 2015<br \/>\nFrance : Vannes \u2013 Semaine du Golfe du Morbihan \u2013 Mai 2015<br \/>\nFrance : Montpellier \u2013 Fise \u2013 Mai 2015<br \/>\nFrance : Leucate \u2013 Mondial du vent \u2013 Mai 2015[\/et_pb_tab][et_pb_tab title=\u00bb2016&#8243; _builder_version=\u00bb4.17.0&#8243; _module_preset=\u00bbdefault\u00bb global_colors_info=\u00bb{}\u00bb]Belgique : Namur \u2013 Cross The River \u2013 Novembre 2016<br \/>\nFrance : Cap d\u2019Agde \u2013 Salon nautique du Cap d\u2019Agde \u2013 Octobre 2016<br \/>\nFrance : Toulouse \u2013 Garona Cup \u2013 Octobre 2016<br \/>\nFrance : La Rochelle \u2013 Grand Pavois de La Rochelle \u2013 Septembre 2016<br \/>\nFrance : Se\u0300te \u2013 Ponton d\u2019accueil de l\u2019Oosterdam \u2013 Septembre 2016<br \/>\nFrance : Marseille \u2013 Ponton d\u2019accueil du Belem \u2013 Septembre 2016<br \/>\nFrance : Chartres \u2013Championnat du monde de natation \u2013 Aou\u0302t 2016<br \/>\nFrance : Se\u0300te \u2013 Fe\u0302tes de la Saint Louis \u2013 Aou\u0302t 2016<br \/>\nFrance : Orle\u0301ans \u2013 Fe\u0302tes des Duits \u2013 Aou\u0302t 2016<br \/>\nSuisse : Gene\u0300ve \u2013 Fe\u0302tes de Gene\u0300ve \u2013 Juillet 2016<br \/>\nFrance : Gray \u2013Triathlon de Gray \u2013 Juillet 2016<br \/>\nFrance : Toulouse \u2013 Feux d\u2019artifice de Toulouse \u2013 14 Juillet 2016<br \/>\nFrance : Se\u0300te \u2013 Ponton d\u2019accueil de l\u2019Oosterdam \u2013Juillet 2016<br \/>\nBelgique : Namur \u2013 Terrain de football flottant dans le cadre de l\u2019Euro \u20132016 \u2013 Juin 2016<br \/>\nFrance : Cha\u0302teauroux \u2013 Triathlon de Cha\u0302teauroux \u2013 Juin 2016<br \/>\nFrance : Se\u0300te \u2013 Ponton d\u2019accueil de l\u2019Oosterdam \u2013 Mai 2016<br \/>\nFrance : Dunkerque \u2013 Triathlon \u2013 Mai 2016<br \/>\nFrance : Montpellier \u2013 Fise \u2013 Mai 2016<br \/>\nFrance : La Ciotat \u2013 Les Nauticales \u2013 Avril 2016<br \/>\nFrance : Leucate \u2013 Mondial du vent \u2013 Avril 2016<br \/>\nFrance : Port Camargue \u2013 Les Nautiques \u2013 Mars 2016<br \/>\nFrance : Se\u0300te : Escale a\u0300 Se\u0300te \u2013 Mars 2016<br \/>\nFrance : Se\u0300te : Passerelle de la gare \u2013 Fe\u0301vrier- Octobre 2016[\/et_pb_tab][et_pb_tab title=\u00bb2017&#8243; _builder_version=\u00bb4.17.0&#8243; _module_preset=\u00bbdefault\u00bb global_colors_info=\u00bb{}\u00bb]Belgique : Namur \u2013 Cross The River \u2013 Novembre 2017<br \/>\nFrance : Cap d\u2019Agde \u2013 Salon nautique du Cap d\u2019Agde \u2013 Octobre\/Novembre 2017<br \/>\nFrance : La Rochelle \u2013 Grand Pavois de La Rochelle \u2013 Septembre\/Octobre 2017<br \/>\nFrance : Orle\u0301ans \u2013 Festival de Loire \u2013 Septembre 2017<br \/>\nFrance : Orle\u0301ans \u2013 Fe\u0302tes des Duits \u2013 Aou\u0302t 2017<br \/>\nFrance : Se\u0300te \u2013 Fe\u0302tes de la Saint Louis \u2013 Aou\u0302t 2017<br \/>\nFrance : Lyon \u2013 Aqua Synchro \u2013 Juillet 2017<br \/>\nFrance : Saint-Affrique \u2013 Pont \u2013 Juillet 2017<br \/>\nFrance : Lyon \u2013 ReLyon-nous \u2013 Juin 2017<br \/>\nFrance : Angers \u2013 Tout Angers bouge \u2013 Juin 2017<br \/>\nFrance : Montpellier \u2013 Fise \u2013 Mai 2017<br \/>\nFrance : Saint Jean de Losne \u2013 mai 2017<br \/>\nFrance : Dunkerque \u2013 Triathlon \u2013 Mai 2017<br \/>\nFrance : Port Camargue \u2013 Les Nautiques \u2013 Avril 2017<br \/>\nFrance : Leucate \u2013 Mondial du vent \u2013 Avril 2017<br \/>\nFrance : La Ciotat \u2013 Les Nauticales \u2013 Avril 2017<br \/>\nFrance : Beaucaire \u2013 chantier BTP \u2013 Janvier 2017[\/et_pb_tab][et_pb_tab title=\u00bb2018&#8243; _builder_version=\u00bb4.17.0&#8243; _module_preset=\u00bbdefault\u00bb global_colors_info=\u00bb{}\u00bb]France : La Ciotat \u2013 Salon \u00e0 flot Les Nauticales \u2013 Mars 2018<br \/>\nFrance : S\u00e8te \u2013 Escale \u00e0 S\u00e8te \u2013 Avril 2018<br \/>\nFrance : Marseille \u2013 Accueil de l\u2019Hermione \u2013 Avril 2018<br \/>\nBelgique : Namur \u2013 Marathon de Namur \u2013 Avril 2018<br \/>\nFrance : Port Leucate \u2013 Mondial du Vent \u2013 Avril 2018<br \/>\nFrance : Dunkerque \u2013 Triathlon du Littoral 59 \u2013 Mai 2018<br \/>\nFrance : Lyon \u2013 Relyons-nous \u2013 Mai 2018<br \/>\nFrance : Angers \u2013 Tout Angers Bouge \u2013 Mai 2018<br \/>\nFrance : La Ciotat \u2013 Tournage de film \u2013 Mai 2018<br \/>\nFrance : Divers littoral Languedoc Roussillon \u2013 Tournoi des 6 stations \u2013 Juillet 2018<br \/>\nFrance : Cherbourg \u2013 Dreahm Cup \u2013 Juillet 2018<br \/>\nFrance : Orl\u00e9ans \u2013 F\u00eate des Duits \u2013 Juillet 2018<br \/>\nFrance : Marseille \u2013 Escale du Belem \u2013 Septembre 2018<br \/>\nFrance : La Rochelle \u2013 Grand Pavois \u2013 Septembre 2018<br \/>\nFrance : Cap d\u2019Agde \u2013 Salon nautique d\u2019Automne \u2013 Octobre 2018<br \/>\nFrance : Saint Malo \u2013 Route du Rhum \u2013 Octobre 2018<br \/>\nFrance : Saint Quentin \u2013 BTP, r\u00e9fection de pont \u2013 Novembre 2018[\/et_pb_tab][et_pb_tab title=\u00bb2019&#8243; _builder_version=\u00bb4.17.0&#8243; _module_preset=\u00bbdefault\u00bb global_colors_info=\u00bb{}\u00bb]France : La Ciotat \u2013 Salon \u00e0 flot Les Nauticales \u2013 Mars 2019<br \/>\nFrance : Marseille \u2013 Accueil du Bellem  \u2013 Avril 2019<br \/>\nFrance : Ch\u00e2teauroux \u2013 Triathlon de Ch\u00e2teauroux \u2013 Mai 2019<br \/>\nFrance : Montpellier \u2013 Festival International des Sports Extr\u00eames \u2013 Juin 2019<br \/>\nFrance : Angers \u2013 Tout Angers Bouge \u2013 Juin 2019<br \/>\nFrance : Angers \u2013 Angers C\u0153ur de Maine \u2013 Juin 2019<br \/>\nFrance : Les Sables d\u2019Olonne \u2013 Vend\u00e9e C\u0153ur \u2013 Juin 2019<br \/>\nFrance : S\u00e8te \u2013 Chantier BTP \u2013 Juillet 2019<br \/>\nFrance : Orl\u00e9ans \u2013 F\u00eate des Duits \u2013 Aout 2019<br \/>\nFrance : S\u00e8te \u2013 F\u00eate de la Saint Louis \u2013 Aout 2019<br \/>\nFrance : Marseille \u2013 Accueil du Marit\u00e9 \u2013 Septembre 2019<br \/>\nFrance : Marseille \u2013 Arriv\u00e9e de la GP SAIL \u2013 Septembre 2019<br \/>\nFrance : Toulouse \u2013 Waterugby (ex Tournois des 6 Stations) \u2013 Septembre 2019<br \/>\nFrance : Cap d\u2019Agde \u2013 Salon Nautique d\u2019Automne \u2013 Octobre 2019<br \/>\nBelgique : Pairi Daiza \u2013 Patinoire flottante de 2200 m2 \u2013 Novembre &#038; D\u00e9cembre 2019[\/et_pb_tab][et_pb_tab title=\u00bb2020&#8243; _builder_version=\u00bb4.18.0&#8243; _module_preset=\u00bbdefault\u00bb global_colors_info=\u00bb{}\u00bb]<\/p>\n<p>France : S\u00e8te \u2013 GTM BTP \u2013 Janvier \u00e0 Mars 2020<br \/>France : Saint Alban &#8211; VINCI Construction Maritime et Fluviale &#8211; F\u00e9vrier 2020<br \/>France : Samo\u00ebns \u2013 Championnat de France de Nage en eau Glac\u00e9e \u2013 F\u00e9vrier 2020<br \/>France : La Ciotat &#8211; Salon les Nauticales -Mars 2020 (install\u00e9 mais annul\u00e9 COVID19)<br \/>France :\u00a0 S\u00e8te \u2013 GTM BTP \u2013 Juin &amp; Juillet 2020<br \/>France : Port-Leucate &#8211; Mondial du vent &#8211; Juin 2020<br \/>France : Thonon les Bains &#8211; RESIREP BTP &#8211; Juin 2020<br \/>France : Port Leucate &#8211; Base de location Aloha Jet &#8211; \u00e9t\u00e9 2020<br \/>France : Angers &#8211; Tout Angers Bouge &#8211; Juillet 2020<br \/>France : Orl\u00e9ans &#8211; F\u00eate des Duits &#8211; Ao\u00fbt 2020<br \/>France : Saint Alban &#8211; VINCI Construction Maritime et Fluviale &#8211; Ao\u00fbt 2020<br \/>France : Gard &#8211; Bouygues TP &#8211; Septembre 2020<br \/>France : Toulouse &#8211; Terrain de Waterugby &#8211; Septembre 2020<br \/>France : Font Romeu &#8211; CG66 &#8211; Octobre 2020<br \/>France : Carnon &#8211; CARDEM SUD &#8211; Octobre &amp; Novembre 2020<br \/>France : Bouches-du-Rh\u00f4ne &#8211; Freyssinet &#8211; Octobre 2020<br \/>France : Bandol &#8211; TP SPADA &#8211; D\u00e9cembre 2020<\/p>\n<p>&nbsp;<\/p>\n<p>[\/et_pb_tab][et_pb_tab title=\u00bb2021&#8243; _builder_version=\u00bb4.18.0&#8243; _module_preset=\u00bbdefault\u00bb global_colors_info=\u00bb{}\u00bb]<\/p>\n<p>France : Bandol \u2013 TP SPADA \u2013 Janvier \u00e0 Avril 2021<br \/>France :\u00a0 Coeur de France \u2013 SEGEC &#8211; Janvier \u00e0 Mai 2021<br \/>France : Port-Leucate &#8211; Installation portuaire temporaire -Avril 2021<br \/>France :\u00a0 Besse \u2013 Ponton \u00e9v\u00e8nementiel Rencontres Volcaniques \u2013 Mai &amp; Juin 2021<br \/>France : Leucate &#8211; Ponton \u00e9v\u00e8nementiel Mondial du Vent \u2013 Mai 2021<br \/>France : Rh\u00f4ne &#8211; Modimage &#8211; Mai 2021<br \/>France : Ile de France &#8211; Bouygues B\u00e2timent &#8211; Juin 2021<br \/>France : Port Leucate &#8211; Ponton \u00e9v\u00e8nementiel Neel Trimarans &#8211; Juin 2021<br \/>France : Port Leucate &#8211; Aloha Jet &#8211; Saison 2021<br \/>France :\u00a0 Leucate &#8211; Barge pyrotechnique \u2013 Juillet 2021 <br \/>France :\u00a0 Sall\u00e8les d&#8217;Aude &#8211; Ponton \u00e9v\u00e8nementiel &#8211; Concert \u2013 Juillet 2021<br \/>France :\u00a0 Ch\u00e2teauroux &#8211; Ponton triathlon \u2013 Ao\u00fbt 2021<br \/>Belgique : Neufchateau &#8211; Sc\u00e8ne flottante \u00abSummer Lake Festival\u00bb &#8211; Ao\u00fbt 2021<br \/>France :\u00a0 R\u00e9gion Parisienne &#8211; Eiffage BTP \u2013 Ao\u00fbt 2021<br \/>France : Toulouse &#8211; Terrain de Waterugby &#8211; Septembre 2021<br \/>France :\u00a0 Saint Nazaire &#8211; Ponton \u00e9v\u00e9nementiel \u00abWind For Goods\u00bb &#8211; Octobre 2021<br \/>France :\u00a0 Viroflay &#8211; Ponton \u00e9v\u00e8nementiel piscine Opalia &#8211; Octobre 2021<br \/>France : Aquitaine &#8211; CEGELEC BTP &#8211; Octobre 2021<br \/>France : Cap d&#8217;Agde &#8211; Salon Nautique D&#8217;automne\u00a0 &#8211; Octobre 2021<br \/>France :\u00a0 Centre &#8211; Ponton Cin\u00e9ma\u00a0 &#8211; Novembre 2021<br \/>France : Le Barcar\u00e8s &#8211; Ponton \u00e9v\u00e8nementiel\u00a0 &#8211; Novembre 2021<\/p>\n<p>&nbsp;<\/p>\n<p>[\/et_pb_tab][et_pb_tab title=\u00bb2022&#8243; _builder_version=\u00bb4.23.4&#8243; _module_preset=\u00bbdefault\u00bb global_colors_info=\u00bb{}\u00bb]<\/p>\n<p>France : Carnon\u00a0 \u2013 Pontons temporaires &#8211; BTP BUESA\u00a0 \u2013 Janvier \u00e0 Mars 2022<br \/>France : Carnon\u00a0 \u2013 Passerelle ouvrante &#8211;\u00a0 BTP BUESA\u00a0 \u2013 Mars \u00e0 Juin 2022<br \/>France :\u00a0 Arcachon &#8211; Salon Nautique d&#8217;Arcachon \u2013 Avril 2022<br \/>France : Sully-sur-Loire &#8211; D\u00e9partement du Loiret\u00a0 &#8211; Passerelle estivale &#8211; Mai \u00e0 aout 2022<br \/>France :\u00a0 Montargis &#8211; BTP SOGETREL \u2013 Avril 2022<br \/>France :\u00a0 Port de Grenelle &#8211; BTP EIFFAGE \u2013 Avril 2022<br \/>France :\u00a0 Port Leucate &#8211; NEEL Trimarans &#8211; Terrasse \u00e9v\u00e9nementielle \u2013 Juin 2022<br \/>France :\u00a0 Vioreau &#8211; D\u00e9partement de Loire Atlantique \u2013 Passerelle temporaire &#8211; Juin \u00e0 Octobre 2022<br \/>France : S\u00e8te &#8211; F\u00eates de la Saint Louis &#8211; Plateforme &#8211; Aout 2022<br \/>France : S\u00e8te &#8211; Festival Setasound &#8211; Plateforme &#8211; Aout 2022<br \/>France :\u00a0 Saint Nazaire &#8211; Solitaire du Figaro \u2013 Septembre 2022<br \/>France : La Rochelle &#8211; Salon du grand Pavois &#8211; Septembre 2022<br \/>France : Melun &#8211; AURA TP &#8211; ponton de travail &#8211; Septembre 2022<br \/>France : Toulouse &#8211; Waterugby &#8211; Plateforme &#8211; Septembre 2022<br \/>France : Cap d\u2019Agde &#8211; Salon Nautique d&#8217;Automne &#8211; structure sur mesure &#8211; Octobre 2022<br \/>France :\u00a0 Canet-en-Roussillon &#8211; Catana \u2013 Plateforme de travail &#8211; Novembre 2022<br \/>France :\u00a0 Ach\u00e8res &#8211; BTP Fayat \u2013 Novembre 2022<br \/>France :\u00a0 Vichy &#8211; NGE \u2013 D\u00e9cembre 2022<\/p>\n<p>&nbsp;<\/p>\n<p>&nbsp;<\/p>\n<p>[\/et_pb_tab][\/et_pb_tabs][\/et_pb_column][\/et_pb_row][\/et_pb_section]<\/p>\n","protected":false},"excerpt":{"rendered":"<p>Para sus necesidades puntuales o estacionales, ofrecemos nuestras soluciones flotantes hechas de cubos EcoSystem para alquiler (excluyendo bases para botes y bases para motos acua\u0301ticas, disponibles solo para compra). Disponibles desde unos di\u0301as hasta varios meses, el alquiler de nuestros pontones flotantes modulares le permite realizar arreglos de eventos o temporadas con la mayor facilidad (recursos logi\u0301sticos limitados, fa\u0301cil instalacio\u0301n y plegado, totalmente modular y escalable, incluso durante el proyecto, adaptado a recepcio\u0301n pu\u0301blica, etc. Por supuesto, el alquiler incluye los servicios de nuestros equipos. Nos encargamos del estudio te\u0301cnico y de la ejecucio\u0301n, de los eventuales peritajes, de la entrega, de la instalacio\u0301n, del desmontaje y, en su caso, de la gestio\u0301n del material durante el evento. Por debajo de 100 m2, organizamos un alquiler contigo sin que se desplace el equipo de instalacio\u0301n. A continuacio\u0301n se muestran algunos ejemplos concretos en los que alquilar es ma\u0301s ventajoso que comprar: Eventos deportivos o culturales, espect\u00e1culos flotantes, cines sobre el agua, etc. Sal\u00f3n n\u00e1utico a flote Infraestructura de ocio flotante Puente temporal (industrial, evento) Estructura flotante para rodaje de pel\u00edculas. Barcaza de trabajo Pont\u00f3n de playa de verano Terraza flotante Isla flotante Playa flotante de verano Piscina flotante Para darle [&hellip;]<\/p>\n","protected":false},"author":1,"featured_media":0,"parent":0,"menu_order":3,"comment_status":"closed","ping_status":"closed","template":"","meta":{"_et_pb_use_builder":"on","_et_pb_old_content":"","_et_gb_content_width":"","footnotes":""},"class_list":["post-263665","page","type-page","status-publish","hentry"],"aioseo_notices":[],"_links":{"self":[{"href":"https:\/\/www.marinefloor.fr\/es\/wp-json\/wp\/v2\/pages\/263665","targetHints":{"allow":["GET"]}}],"collection":[{"href":"https:\/\/www.marinefloor.fr\/es\/wp-json\/wp\/v2\/pages"}],"about":[{"href":"https:\/\/www.marinefloor.fr\/es\/wp-json\/wp\/v2\/types\/page"}],"author":[{"embeddable":true,"href":"https:\/\/www.marinefloor.fr\/es\/wp-json\/wp\/v2\/users\/1"}],"replies":[{"embeddable":true,"href":"https:\/\/www.marinefloor.fr\/es\/wp-json\/wp\/v2\/comments?post=263665"}],"version-history":[{"count":10,"href":"https:\/\/www.marinefloor.fr\/es\/wp-json\/wp\/v2\/pages\/263665\/revisions"}],"predecessor-version":[{"id":264059,"href":"https:\/\/www.marinefloor.fr\/es\/wp-json\/wp\/v2\/pages\/263665\/revisions\/264059"}],"wp:attachment":[{"href":"https:\/\/www.marinefloor.fr\/es\/wp-json\/wp\/v2\/media?parent=263665"}],"curies":[{"name":"wp","href":"https:\/\/api.w.org\/{rel}","templated":true}]}}